{"id":1576,"date":"2020-06-08T12:51:52","date_gmt":"2020-06-08T11:51:52","guid":{"rendered":"http:\/\/rheinklangwesseling.de\/?page_id=1576"},"modified":"2026-04-26T18:35:10","modified_gmt":"2026-04-26T17:35:10","slug":"festivaltag","status":"publish","type":"page","link":"https:\/\/rheinklangwesseling.de\/?page_id=1576","title":{"rendered":"Festivaltag 2025"},"content":{"rendered":"\n<p class=\"has-text-align-center has-medium-font-size\"><strong>24. Mai 2025<\/strong><\/p>\n\n\n\n<p class=\"has-text-align-center has-medium-font-size\"><strong>Rheinb\u00fchne &#8211; 15:00 Uhr<\/strong><\/p>\n\n\n\n<p class=\"has-text-align-center has-small-font-size\">Uferstra\u00dfe 1<\/p>\n\n\n\n<p>Im Rahmen des 13. Wesselinger Musikfestivals RheinKlang 669 am 23.\/24. Mai 2025 gibt es am Samstag wieder ein B\u00fchnenprogramm ab 15 Uhr an der Rheintreppe und abends ein vielf\u00e4ltiges Programm in diversen Locations &#8211; nach dem Opening am Freitagabend.<\/p>\n\n\n\n<p>Auf der B\u00fchne treten auf:<br>ab 15:00 Uhr <strong>The Second Floor <\/strong>aus der Ukraine,<br>ab 16:30 Uhr die 90er-Jahre-Cover-Band <strong>Sparkling Unicorns <\/strong>und<br>ab 19:00 Uhr die Hardrock-Band <strong>Guns n&#8216; Poses.<\/strong><\/p>\n\n\n\n<p class=\"has-text-align-center has-medium-font-size\"><strong>The Second Floor<\/strong> <strong>&#8211; 15 Uhr<\/strong><\/p>\n\n\n\n<figure class=\"wp-block-image size-large\"><img loading=\"lazy\" decoding=\"async\" width=\"1024\" height=\"766\" src=\"https:\/\/rheinklangwesseling.de\/wp-content\/uploads\/2025\/03\/The-Second-Floor-1-1024x766.jpg\" alt=\"\" class=\"wp-image-2609\" srcset=\"https:\/\/rheinklangwesseling.de\/wp-content\/uploads\/2025\/03\/The-Second-Floor-1-1024x766.jpg 1024w, https:\/\/rheinklangwesseling.de\/wp-content\/uploads\/2025\/03\/The-Second-Floor-1-300x225.jpg 300w, https:\/\/rheinklangwesseling.de\/wp-content\/uploads\/2025\/03\/The-Second-Floor-1-768x575.jpg 768w, https:\/\/rheinklangwesseling.de\/wp-content\/uploads\/2025\/03\/The-Second-Floor-1-1536x1150.jpg 1536w, https:\/\/rheinklangwesseling.de\/wp-content\/uploads\/2025\/03\/The-Second-Floor-1-2048x1533.jpg 2048w\" sizes=\"auto, (max-width: 767px) 89vw, (max-width: 1000px) 54vw, (max-width: 1071px) 543px, 580px\" \/><\/figure>\n\n\n\n<p><strong>The Second Floor <\/strong>ist eine Rockband, die 2021 in Odessa, Ukraine, gegr\u00fcndet wurde. Ihr Sound vereint Elemente des Alternative und Garage Rock und schafft eine energiegeladene, raue Atmosph\u00e4re. Aufgrund des Krieges in der Ukraine kamen die Bandmitglieder nach Deutschland, wo sie ihre Musik weiterentwickeln.<\/p>\n\n\n\n<p>Die Band besteht aus<br>Ilya (Frontmann, Rhythmusgitarre und Leadgesang),<br>Danya (Bassgitarre),<br>Sergio (Leadgitarre) und<br>Nastya (Schlagzeug und Backgroundgesang).<\/p>\n\n\n\n<p>F\u00fcr ihr Konzert beim Rheinklang 669 Musikfestival plant die Band eine Mischung aus eigenen Songs und Covers. Zu ihren Originalwerken geh\u00f6ren \u201eI&#8217;m Alive\u201c, \u201eConiuro ad amorem\u201c und \u201eSea of Blood\u201c.<\/p>\n\n\n\n<p>Die Teilnahme am Wesselinger Musikfestival ist ein bedeutender Meilenstein f\u00fcr <strong>The Second Floor.<\/strong> Die jungen Musiker freuen sich darauf, ihre Leidenschaft und Energie mit einem neuen Publikum zu teilen und so Teil einer lebendigen Musikgemeinschaft zu werden.<\/p>\n\n\n\n<p>Weitere Informationen:<br>Instagram: <a href=\"https:\/\/www.instagram.com\/thesecondfloor.band\">https:\/\/www.instagram.com\/thesecondfloor.band<\/a><\/p>\n\n\n\n<p class=\"has-text-align-center has-medium-font-size\"><strong>Sparkling Unicorns &#8211; 16:30 Uhr<\/strong><\/p>\n\n\n\n<figure class=\"wp-block-image size-large\"><img loading=\"lazy\" decoding=\"async\" width=\"1024\" height=\"769\" src=\"https:\/\/rheinklangwesseling.de\/wp-content\/uploads\/2025\/03\/Sparkling-Unicorns-Anita-Brandtstaeter-1024x769.jpg\" alt=\"\" class=\"wp-image-2610\" srcset=\"https:\/\/rheinklangwesseling.de\/wp-content\/uploads\/2025\/03\/Sparkling-Unicorns-Anita-Brandtstaeter-1024x769.jpg 1024w, https:\/\/rheinklangwesseling.de\/wp-content\/uploads\/2025\/03\/Sparkling-Unicorns-Anita-Brandtstaeter-300x225.jpg 300w, https:\/\/rheinklangwesseling.de\/wp-content\/uploads\/2025\/03\/Sparkling-Unicorns-Anita-Brandtstaeter-768x577.jpg 768w, https:\/\/rheinklangwesseling.de\/wp-content\/uploads\/2025\/03\/Sparkling-Unicorns-Anita-Brandtstaeter-1536x1153.jpg 1536w, https:\/\/rheinklangwesseling.de\/wp-content\/uploads\/2025\/03\/Sparkling-Unicorns-Anita-Brandtstaeter-2048x1538.jpg 2048w\" sizes=\"auto, (max-width: 767px) 89vw, (max-width: 1000px) 54vw, (max-width: 1071px) 543px, 580px\" \/><\/figure>\n\n\n\n<p>Foto: Anita Brandtst\u00e4ter<\/p>\n\n\n\n<p>Kinder der 90er wissen noch genau, wie es war\u2026 damals. Zwischen Chupa Chups und Hubba Bubba, Stickeralbum, Tamagotchi und Diddl-Maus\u2026 Und dazu der Soundtrack im Discman und auf Mixtapes\u2026<\/p>\n\n\n\n<p>Mit bebenden Plateau-Sohlen bringen die <strong>Sparkling Unicorns<\/strong> dieses Lieblings-Jahrzehnt im gestreckten Galopp wieder auf die B\u00fchne, und zur\u00fcck in unsere Herzen! Das ungew\u00f6hnliche Quartett setzt sich zusammen aus S\u00e4ngerin und Profimusikerin Franzi Kusche, Gesang und Gitarre, deren Bruder Andreas Wendel am Schlagzeug, Sandkastenkumpel Jan Fr\u00f6mmig am Saxophon, und seit Neuestem ist auch Bassistin Johanna Neumann mit an Bord.<\/p>\n\n\n\n<p>Gecovert wird ein wilder Mix aus Boy-Bands, Girl-Groups, Grunge und sogar Hip Hop! Der Stil der Band ist dabei akustisch-rockig, von flippig bis gef\u00fchlvoll, getragen von der au\u00dfergew\u00f6hnlichen und wundervollen Stimme von Franzi im Zusammenspiel mit einer Band, die schlichtweg ihr Handwerk versteht und extrem viel Spa\u00df dabei hat! Die S<strong>parkling Unicorns<\/strong> schicken ihr Publikum singend, tanzend und voller Konfetti auf eine prickelnde Reise durch die s\u00fc\u00dfen Kl\u00e4nge der besten Zeit, die wir jemals hatten.<\/p>\n\n\n\n<p><em>LET&#8217;S SPARKLE<\/em><\/p>\n\n\n\n<p>Weitere informationen:<br><a href=\"https:\/\/www.facebook.com\/p\/Sparkling-Unicorns-100068362728551\/\">https:\/\/www.facebook.com\/p\/Sparkling-Unicorns-100068362728551\/<\/a><\/p>\n\n\n\n<p class=\"has-text-align-center has-medium-font-size\"><strong>Guns n&#8216; Poses<\/strong> <strong>&#8211; 19 Uhr<\/strong><\/p>\n\n\n\n<figure class=\"wp-block-image size-large\"><img loading=\"lazy\" decoding=\"async\" width=\"1024\" height=\"674\" src=\"https:\/\/rheinklangwesseling.de\/wp-content\/uploads\/2025\/03\/Guns-n-Poses-1024x674.jpg\" alt=\"\" class=\"wp-image-2611\" srcset=\"https:\/\/rheinklangwesseling.de\/wp-content\/uploads\/2025\/03\/Guns-n-Poses-1024x674.jpg 1024w, https:\/\/rheinklangwesseling.de\/wp-content\/uploads\/2025\/03\/Guns-n-Poses-300x198.jpg 300w, https:\/\/rheinklangwesseling.de\/wp-content\/uploads\/2025\/03\/Guns-n-Poses-768x506.jpg 768w, https:\/\/rheinklangwesseling.de\/wp-content\/uploads\/2025\/03\/Guns-n-Poses-1536x1012.jpg 1536w, https:\/\/rheinklangwesseling.de\/wp-content\/uploads\/2025\/03\/Guns-n-Poses-2048x1349.jpg 2048w\" sizes=\"auto, (max-width: 767px) 89vw, (max-width: 1000px) 54vw, (max-width: 1071px) 543px, 580px\" \/><\/figure>\n\n\n\n<p>Die Rock-Giganten Guns n&#8216; Roses sind sp\u00e4testens seit ihrer &#8222;Not in this Lifetime&#8220;-Tour 2016 bis 2019 und der vorher erfolgten Wiedervereinigung von Axl Rose mit den einstigen Bandmitgliedern Slash und Duff McKagan gr\u00f6\u00dfer als je zuvor. Die unsterblichen Hymnen wie &#8222;Sweet Child o&#8216; Mine&#8220;, &#8222;Paradise City&#8220; oder &#8222;Welcome To The Jungle&#8220; besitzen energetische Tiefe und erzeugen bei den Fans seit \u00fcber 35 Jahren G\u00e4nsehaut.<\/p>\n\n\n\n<p>Im Fr\u00fchjahr 2023 entschlossen sich f\u00fcnf Musiker aus dem Rheinland, die bisher als gemischte Rock-Coverband erfolgreich unterwegs waren, in Zukunft den Gunners unter dem Banner &#8222;<strong>Guns n&#8216; Poses<\/strong>&#8220; Tribut zu zollen. Die Female Vocals von S\u00e4ngerin Liesa Solbach verleihen den Klassikern der Band einen besonderen Touch; unterst\u00fctzt wird sie in den Backing Vocals von Linda. F\u00fcr die Gitarrenarbeit von Slash, Izzy Stradlin, Gilby Clarke und Richard Fortus sind die beiden erfahrenen Gitarristen Chris Solbach und Stephan Georg verantwortlich; letzterer kann auf eine Zusammenarbeit mit Musikern von Judas Priest, Accept, Bonfire, Primal Fear, U.D.O, Sinner zur\u00fcckschauen. Tobias ist der Dizzy Reed: Er untermalt die Songs mit Keyboard-Teppichen und bearbeitet bei den Gitarren-lastigeren Titeln die Percussion. Das Ganze wird von einer fetten Rhythmus-Section mit Denis Neurohr an den Drums und Stephan Schultheis am Bass getragen.<\/p>\n\n\n\n<p><strong>Guns n&#8216; Poses <\/strong>bieten eine fesselnde Show, die die Vibes der Originalband authentisch und dreckig r\u00fcberbringt!<\/p>\n\n\n\n<p class=\"has-text-align-center has-medium-font-size\"><strong>CBT Wohnhaus St. Lucia &#8211; 15:30 Uhr<\/strong><\/p>\n\n\n\n<p class=\"has-text-align-center has-small-font-size\">Pontivystra\u00dfe 10<\/p>\n\n\n\n<p class=\"has-text-align-center\"><strong>Mitsingkonzert<\/strong><\/p>\n\n\n\n<figure class=\"wp-block-image size-large\"><img loading=\"lazy\" decoding=\"async\" width=\"1024\" height=\"683\" src=\"https:\/\/rheinklangwesseling.de\/wp-content\/uploads\/2024\/03\/CBT-Wolfhard-Brandtstaeter-1024x683.jpg\" alt=\"\" class=\"wp-image-2499\" srcset=\"https:\/\/rheinklangwesseling.de\/wp-content\/uploads\/2024\/03\/CBT-Wolfhard-Brandtstaeter-1024x683.jpg 1024w, https:\/\/rheinklangwesseling.de\/wp-content\/uploads\/2024\/03\/CBT-Wolfhard-Brandtstaeter-300x200.jpg 300w, https:\/\/rheinklangwesseling.de\/wp-content\/uploads\/2024\/03\/CBT-Wolfhard-Brandtstaeter-768x512.jpg 768w, https:\/\/rheinklangwesseling.de\/wp-content\/uploads\/2024\/03\/CBT-Wolfhard-Brandtstaeter-1536x1024.jpg 1536w, https:\/\/rheinklangwesseling.de\/wp-content\/uploads\/2024\/03\/CBT-Wolfhard-Brandtstaeter-2048x1365.jpg 2048w\" sizes=\"auto, (max-width: 767px) 89vw, (max-width: 1000px) 54vw, (max-width: 1071px) 543px, 580px\" \/><\/figure>\n\n\n\n<p>Foto: Wolfhard Brandtst\u00e4ter<\/p>\n\n\n\n<p>Schon eine lange Tradition hat das <strong>Mitsingkonzert<\/strong> im Rahmen des Wesselinger Musikfestivals. Dieses Jahr ist es wieder am Samstag um 15:30 Uhr im oder vor dem CBT Wohnhaus St. Lucia.<\/p>\n\n\n\n<p>Mit diesem Angebot unter dem Motto &#8222;Sing mit &#8211; Singen kennt kein Alter&#8220; wird Musikfreundinnen und -freunden die Gelegenheit gegeben, selbst mitzumachen. Alle Altersgruppen sind dabei angesprochen.<\/p>\n\n\n\n<p>Besetzung<br>Ludger Strobel, Gitarre, Gesang, Leitung<br>Heike Schr\u00f6ter, Bass<br>Anita Brandtst\u00e4ter, Akkordeon<br>G\u00fcnter Mauel, Gitarre, Gesang<br>Olek Gelba, Schlagzeug<br>Irene Lorenz, Gesang<br>Katja Jucht, Gesang<br>Erich Hermans, Gesang<\/p>\n\n\n\n<p>Organisiert wird der Nachmittag vom Musikforum Wesseling. Anprechpartner f\u00fcr Noten und Texte ist Ludger Strobel. Kontakt: <a href=\"mailto:ludger_strobel@web.de\">ludger_strobel@web.de<\/a><\/p>\n\n\n\n<p>Weitere Informationen:<br><a href=\"http:\/\/www.eichholzer-schlosskonzerte.de\/html\/musikforum.html\">http:\/\/www.eichholzer-schlosskonzerte.de\/html\/musikforum.html<\/a><br><a href=\"https:\/\/www.cbt-gmbh.de\/cbt-haeuser\/st-lucia\/hausportrait.html\">https:\/\/www.cbt-gmbh.de\/cbt-haeuser\/st-lucia\/hausportrait.html<\/a><\/p>\n\n\n\n<p>Eintritt frei.<\/p>\n\n\n\n<p class=\"has-text-align-center\"><strong>Tanzen ohne Grenzen<\/strong><\/p>\n\n\n\n<figure class=\"wp-block-image size-large\"><img loading=\"lazy\" decoding=\"async\" width=\"1024\" height=\"686\" src=\"https:\/\/rheinklangwesseling.de\/wp-content\/uploads\/2025\/03\/CBT-Tanzschule-Breuer-Wolfhard-Brandtstaeter-1024x686.jpg\" alt=\"\" class=\"wp-image-2682\" srcset=\"https:\/\/rheinklangwesseling.de\/wp-content\/uploads\/2025\/03\/CBT-Tanzschule-Breuer-Wolfhard-Brandtstaeter-1024x686.jpg 1024w, https:\/\/rheinklangwesseling.de\/wp-content\/uploads\/2025\/03\/CBT-Tanzschule-Breuer-Wolfhard-Brandtstaeter-300x201.jpg 300w, https:\/\/rheinklangwesseling.de\/wp-content\/uploads\/2025\/03\/CBT-Tanzschule-Breuer-Wolfhard-Brandtstaeter-768x515.jpg 768w, https:\/\/rheinklangwesseling.de\/wp-content\/uploads\/2025\/03\/CBT-Tanzschule-Breuer-Wolfhard-Brandtstaeter-1536x1029.jpg 1536w, https:\/\/rheinklangwesseling.de\/wp-content\/uploads\/2025\/03\/CBT-Tanzschule-Breuer-Wolfhard-Brandtstaeter-2048x1373.jpg 2048w\" sizes=\"auto, (max-width: 767px) 89vw, (max-width: 1000px) 54vw, (max-width: 1071px) 543px, 580px\" \/><\/figure>\n\n\n\n<p>Foto: Wolfhard Brandtst\u00e4ter<\/p>\n\n\n\n<p>Im letzten Jahr war die Tanzgruppe <strong>Tanzen ohne Grenzen<\/strong> der ADTV-Tanzschule Breuer Br\u00fchl unter Leitung von Maike Jouaux mit dabei. Wie hei\u00dft es so sch\u00f6n? Einmal ist keinmal! Deshalb sind sie auch dieses Jahr wieder dabei!<br>So war es letztes Jahr:<br>In diesem sch\u00f6nen Rahmen f\u00fchrte eine inklusive Tanzgruppe der ADTV-Tanzschule Breuer Br\u00fchl zwei T\u00e4nze vor. Tanzlehrerin Maike Jouaux und ihre Sch\u00fctzlinge waren auch begeistert: &#8222;Ich fand die Veranstaltung rundum gelungen. Von meinen T\u00e4nzern und deren Familien habe ich nur positives Feedback bekommen, alle waren ganz euphorisch. Euch als Band m\u00f6chte ich ebenfalls ein Kompliment aussprechen: Ihr habt nicht nur musikalisch \u00fcberzeugt, sondern auch mit der Auswahl der Songs wirklich Gro\u00dfes geleistet.&#8220;<\/p>\n\n\n\n<p>Weitere Informationen:<br><a href=\"https:\/\/www.tanzbreuer.de\/tanzen-fuer-menschen-mit-einer-behinderung-in-bruehl-bei-koeln\/\">https:\/\/www.tanzbreuer.de\/tanzen-fuer-menschen-mit-einer-behinderung-in-bruehl-bei-koeln\/<\/a><\/p>\n\n\n\n<p>Eintritt frei.<\/p>\n\n\n\n<p class=\"has-text-align-center has-medium-font-size\"><strong>Mines Spatzentreff &#8211; 16 Uhr \/ 19 Uhr<\/strong><\/p>\n\n\n\n<p class=\"has-text-align-center has-small-font-size\">K\u00f6lnstra\u00dfe 1<\/p>\n\n\n\n<p>In Mines Spatzentreff ist <strong>Cayu<\/strong> ab 16 Uhr zu Gast. Und um 19 Uhr gibt es ein zweites Konzert mit <strong>J\u00f6rg Dahmen <\/strong>und seinen &#8222;Leisen Leedern&#8220;.<\/p>\n\n\n\n<p class=\"has-text-align-center has-medium-font-size\"><strong>Cayu<\/strong><\/p>\n\n\n\n<figure class=\"wp-block-image size-large\"><img loading=\"lazy\" decoding=\"async\" width=\"1024\" height=\"768\" src=\"https:\/\/rheinklangwesseling.de\/wp-content\/uploads\/2025\/03\/Cayu-Anita-Brandtstaeter-1024x768.jpg\" alt=\"\" class=\"wp-image-2612\" srcset=\"https:\/\/rheinklangwesseling.de\/wp-content\/uploads\/2025\/03\/Cayu-Anita-Brandtstaeter-1024x768.jpg 1024w, https:\/\/rheinklangwesseling.de\/wp-content\/uploads\/2025\/03\/Cayu-Anita-Brandtstaeter-300x225.jpg 300w, https:\/\/rheinklangwesseling.de\/wp-content\/uploads\/2025\/03\/Cayu-Anita-Brandtstaeter-768x576.jpg 768w, https:\/\/rheinklangwesseling.de\/wp-content\/uploads\/2025\/03\/Cayu-Anita-Brandtstaeter-1536x1152.jpg 1536w, https:\/\/rheinklangwesseling.de\/wp-content\/uploads\/2025\/03\/Cayu-Anita-Brandtstaeter-2048x1536.jpg 2048w\" sizes=\"auto, (max-width: 767px) 89vw, (max-width: 1000px) 54vw, (max-width: 1071px) 543px, 580px\" \/><\/figure>\n\n\n\n<p>Foto: Anita Brandtst\u00e4ter<\/p>\n\n\n\n<p><strong>Cayu<\/strong> ist eine Band, die aus f\u00fcnf Musikern aus vier Nationen besteht. Die Band macht frischen und modernen Singer-Songwriter Folk aus Bonn, plus traditionelle Weltmusik mit Liedern in zehn verschiedenen Sprachen. <strong>Cayu<\/strong> erzeugt garantiert eine super Stimmung und begeistert das Publikum mit ihrem virtuosen Spiel und mitrei\u00dfenden Songs und Melodien. Bei der Show werden die Zuh\u00f6rerinnen und Zuh\u00f6rer mitgenommen auf eine musikalische Reise zu den nebligen K\u00fcsten der Bretagne, \u00fcber die fr\u00f6hlichen Kneipen Irlands bis zu den sonnigen Str\u00e4nden der Karibik.<\/p>\n\n\n\n<p>&#8222;<strong>Cayu<\/strong> \u201c bedeutet auf Indonesisch \u201eHolz\u201c. Das spiegelt die Philosophie der Band wider. Denn sie spielen haupts\u00e4chlich auf Holzinstrumenten: Geige, Gitarre, Akustikbass, zusammen mit Klavier und Perkussion.<\/p>\n\n\n\n<p>Die Besetzung:<\/p>\n\n\n\n<ul class=\"wp-block-list\">\n<li>Eva Henneken ist S\u00e4ngerin und Songwriter; sie beherrscht virtuos die klassische Geige, die sie gerne als &#8222;Fiddle&#8220; einsetzt.<\/li>\n\n\n\n<li>Der Schotte John Hay ist S\u00e4nger und Songwriter; er hat als Gitarrist und S\u00e4nger eine besondere Leidenschaft f\u00fcr Flamenco-Kl\u00e4nge.<\/li>\n\n\n\n<li>Budi Rosadiawan stammt aus Indonesien; er ist ein begnadeter Pianist und kann einfach alles nach Geh\u00f6r begleiten.<\/li>\n\n\n\n<li>Alexandre Paris ist leidenschaftlicher Schlagzeuger; er stammt aus einer musikalischen Familie aus Brasilien und findet immer den richtigen Beat.<\/li>\n\n\n\n<li>Guga Paris ist der Bruder von Alex, und spielt Kontrabass. Er ist ein Allesk\u00f6nner, beherrscht m\u00fchelos Stile von Jazz und Latin bis Rock.<\/li>\n<\/ul>\n\n\n\n<p>Weitere Informationen:<br><a href=\"https:\/\/www.cayu.art\/de\">https:\/\/www.cayu.art\/de<\/a><br><a href=\"https:\/\/www.facebook.com\/Cayumusic\">https:\/\/www.facebook.com\/Cayumusic<\/a><br><a href=\"https:\/\/www.youtube.com\/channel\/UC7lxbd5cO_YIGZfAEPU2elw\">https:\/\/www.youtube.com\/channel\/UC7lxbd5cO_YIGZfAEPU2elw<\/a><br><a href=\"https:\/\/www.instagram.com\/cayuart\/\">https:\/\/www.instagram.com\/cayuart\/<\/a><\/p>\n\n\n\n<p class=\"has-text-align-center has-medium-font-size\"><strong>J\u00f6rg Dahmen<\/strong><\/p>\n\n\n\n<figure class=\"wp-block-image size-large is-resized\"><img loading=\"lazy\" decoding=\"async\" width=\"1024\" height=\"769\" src=\"https:\/\/rheinklangwesseling.de\/wp-content\/uploads\/2025\/03\/Joerg-Dahmen-Anita-Brandtstaeter-1024x769.jpg\" alt=\"\" class=\"wp-image-2613\" style=\"width:674px;height:auto\" srcset=\"https:\/\/rheinklangwesseling.de\/wp-content\/uploads\/2025\/03\/Joerg-Dahmen-Anita-Brandtstaeter-1024x769.jpg 1024w, https:\/\/rheinklangwesseling.de\/wp-content\/uploads\/2025\/03\/Joerg-Dahmen-Anita-Brandtstaeter-300x225.jpg 300w, https:\/\/rheinklangwesseling.de\/wp-content\/uploads\/2025\/03\/Joerg-Dahmen-Anita-Brandtstaeter-768x577.jpg 768w, https:\/\/rheinklangwesseling.de\/wp-content\/uploads\/2025\/03\/Joerg-Dahmen-Anita-Brandtstaeter-1536x1153.jpg 1536w, https:\/\/rheinklangwesseling.de\/wp-content\/uploads\/2025\/03\/Joerg-Dahmen-Anita-Brandtstaeter-2048x1538.jpg 2048w\" sizes=\"auto, (max-width: 767px) 89vw, (max-width: 1000px) 54vw, (max-width: 1071px) 543px, 580px\" \/><\/figure>\n\n\n\n<p>Foto: Anita Brandtst\u00e4ter<\/p>\n\n\n\n<p>Seit knapp drei Jahren ist <strong>J\u00f6rg Dahmen <\/strong>mit diesen k\u00f6lschen Liedern unterwegs. K\u00f6lsche Texte zu Musik, die in so gar keine Schublade passen will, ist sie doch eine Mischung aus Pop, Rock und Blues. Die am Computer entstandenen Songs werden von Keyboarder <strong>Maik M\u00fcller <\/strong>kongenial arrangiert und mit unb\u00e4ndiger Spielfreude adaptiert. Nur Keyboards und Stimme &#8211; das funktioniert bestens.<\/p>\n\n\n\n<p>Thematisch kreisen die Texte der emotionalen Lieder rund um den Mensch und seine Befindlichkeiten in einer unsteten Welt. Durchaus reflektierend, auch autobiographisch &#8211; und immer authentisch. Mal nachdenklich, mal heiter und rhythmisch.<\/p>\n\n\n\n<p>Zuschauer, die <strong>J\u00f6rg Dahmen<\/strong> und <strong>Maik M\u00fcller <\/strong>schon geh\u00f6rt haben, wissen: Man muss immer auf \u00dcberraschungen gefasst sein, denn noch nie haben die beiden Musiker ein Programm gleich gespielt.<\/p>\n\n\n\n<p>Weitere Informationen:<br><a href=\"http:\/\/joerg-dahmen.de\/\">http:\/\/joerg-dahmen.de\/<\/a><br><a href=\"https:\/\/www.facebook.com\/KunstundMalerei\/\">https:\/\/www.facebook.com\/KunstundMalerei\/<\/a><\/p>\n\n\n\n<p class=\"has-text-align-center has-medium-font-size\"><strong>Pizzeria Selinunte &#8222;Da Gianni&#8220;  16 Uhr \/ 19 Uhr<\/strong><\/p>\n\n\n\n<p class=\"has-text-align-center has-small-font-size\">Bahnhofstra\u00dfe 36<\/p>\n\n\n\n<p class=\"has-text-align-left\">In der Pizzeria Selinunte &#8222;Da Gianni&#8220; ist <strong>Delta Danny<\/strong> mit &#8222;Blues and more&#8220; ab 16 Uhr zu Gast. Und um 19 Uhr gibt es ein zweites Konzert mit der Wesselinger Band <strong>ToMess<\/strong>.<\/p>\n\n\n\n<p class=\"has-text-align-center has-medium-font-size\"><strong>Delta Danny <\/strong><\/p>\n\n\n\n<figure class=\"wp-block-image size-large is-resized\"><img loading=\"lazy\" decoding=\"async\" width=\"1024\" height=\"1024\" src=\"https:\/\/rheinklangwesseling.de\/wp-content\/uploads\/2025\/03\/Delta-Danny-1024x1024.jpg\" alt=\"\" class=\"wp-image-2615\" style=\"width:674px;height:auto\" srcset=\"https:\/\/rheinklangwesseling.de\/wp-content\/uploads\/2025\/03\/Delta-Danny-1024x1024.jpg 1024w, https:\/\/rheinklangwesseling.de\/wp-content\/uploads\/2025\/03\/Delta-Danny-300x300.jpg 300w, https:\/\/rheinklangwesseling.de\/wp-content\/uploads\/2025\/03\/Delta-Danny-150x150.jpg 150w, https:\/\/rheinklangwesseling.de\/wp-content\/uploads\/2025\/03\/Delta-Danny-768x768.jpg 768w, https:\/\/rheinklangwesseling.de\/wp-content\/uploads\/2025\/03\/Delta-Danny-1536x1536.jpg 1536w, https:\/\/rheinklangwesseling.de\/wp-content\/uploads\/2025\/03\/Delta-Danny-100x100.jpg 100w, https:\/\/rheinklangwesseling.de\/wp-content\/uploads\/2025\/03\/Delta-Danny.jpg 1885w\" sizes=\"auto, (max-width: 767px) 89vw, (max-width: 1000px) 54vw, (max-width: 1071px) 543px, 580px\" \/><\/figure>\n\n\n\n<p><strong>Delta Danny <\/strong>alias Danny Schumacher hat den Blues hat den Blues im Blut und in der Stimme. Die virtuose Gitarristen bl\u00e4ttert in der fr\u00fchen Blues-Geschichte. Von den Roots des Country-Blues zu den traditionellen Blues-Songs zwischen Memphis und Chicago. Folk- und Rock-Klassiker und zahlreiche eigene Songs runden das Programm ab.<\/p>\n\n\n\n<p>Weitere Informationen:<br><a href=\"https:\/\/www.delta-danny.com\/\">https:\/\/www.delta-danny.com\/<\/a><br><a href=\"https:\/\/www.facebook.com\/deltadannydarmstadt\/\">https:\/\/www.facebook.com\/deltadannydarmstadt\/<\/a><br><a href=\"https:\/\/www.youtube.com\/user\/Danielakatjamaria\/videos\">https:\/\/www.youtube.com\/user\/Danielakatjamaria\/videos<\/a><\/p>\n\n\n\n<p class=\"has-text-align-center has-medium-font-size\"><strong>ToMess<\/strong><\/p>\n\n\n\n<figure class=\"wp-block-image size-large is-resized\"><img loading=\"lazy\" decoding=\"async\" width=\"1024\" height=\"683\" src=\"https:\/\/rheinklangwesseling.de\/wp-content\/uploads\/2025\/03\/ToMess-Programmheft-20250125-1024x683.jpg\" alt=\"\" class=\"wp-image-2616\" style=\"width:674px\" srcset=\"https:\/\/rheinklangwesseling.de\/wp-content\/uploads\/2025\/03\/ToMess-Programmheft-20250125-1024x683.jpg 1024w, https:\/\/rheinklangwesseling.de\/wp-content\/uploads\/2025\/03\/ToMess-Programmheft-20250125-300x200.jpg 300w, https:\/\/rheinklangwesseling.de\/wp-content\/uploads\/2025\/03\/ToMess-Programmheft-20250125-768x512.jpg 768w, https:\/\/rheinklangwesseling.de\/wp-content\/uploads\/2025\/03\/ToMess-Programmheft-20250125-1536x1024.jpg 1536w, https:\/\/rheinklangwesseling.de\/wp-content\/uploads\/2025\/03\/ToMess-Programmheft-20250125-2048x1366.jpg 2048w\" sizes=\"auto, (max-width: 767px) 89vw, (max-width: 1000px) 54vw, (max-width: 1071px) 543px, 580px\" \/><\/figure>\n\n\n\n<p>Die stadtbekannte Band <strong>ToMess<\/strong> ist eine au\u00dfergew\u00f6hnliche Live-Band f\u00fcr einen au\u00dfergew\u00f6hnlichen Abend in der Fu\u00dfg\u00e4ngerzone vor der Pizzeria Selinunte beim 13. Wesselinger RheinKlang 669 Musikfestival. Von Balladen bis zu Rock Covern mit mehrstimmigem Gesang.<\/p>\n\n\n\n<p>Alle Bandmitglieder sind Wesselinger!<\/p>\n\n\n\n<p>Besetzung<br>Thomas Mager &#8211; Gesang und Rhythmusgitarre<br>Jens Gerken &#8211; Sologitarre und Gesang<br>Ulrich Thiemann &#8211; Keyboard und Gesang<br>J\u00fcrgen Kracht &#8211; Bass<br>Luis Kracht &#8211; Schlagzeug<\/p>\n\n\n\n<p>Weitere Informationen:<br><a href=\"https:\/\/www.facebook.com\/tomess.de\/\">https:\/\/www.facebook.com\/tomess.de\/<\/a><\/p>\n\n\n\n<p class=\"has-text-align-center has-medium-font-size\"><strong>Op d&#8217;r Eck<\/strong> <strong>&#8211; 19 Uhr<\/strong><\/p>\n\n\n\n<p class=\"has-text-align-center has-small-font-size\">Langenackerstra\u00dfe 1<\/p>\n\n\n\n<p>Im Op d&#8217;r Eck gibt es ab 19 Uhr gleich zwei Konzerte mit den Br\u00fchler Rock-Bands <strong>Die Enterbten <\/strong>und ab 20:15 Uhr <strong>Die Rockg\u00f6ren<\/strong>.<\/p>\n\n\n\n<p class=\"has-text-align-center has-medium-font-size\"><strong>Die Enterbten  <\/strong><\/p>\n\n\n\n<figure class=\"wp-block-image size-large is-resized\"><img loading=\"lazy\" decoding=\"async\" width=\"1024\" height=\"1024\" src=\"https:\/\/rheinklangwesseling.de\/wp-content\/uploads\/2025\/03\/Die-Enterbten-1024x1024.jpg\" alt=\"\" class=\"wp-image-2621\" style=\"width:674px;height:auto\" srcset=\"https:\/\/rheinklangwesseling.de\/wp-content\/uploads\/2025\/03\/Die-Enterbten-1024x1024.jpg 1024w, https:\/\/rheinklangwesseling.de\/wp-content\/uploads\/2025\/03\/Die-Enterbten-300x300.jpg 300w, https:\/\/rheinklangwesseling.de\/wp-content\/uploads\/2025\/03\/Die-Enterbten-150x150.jpg 150w, https:\/\/rheinklangwesseling.de\/wp-content\/uploads\/2025\/03\/Die-Enterbten-768x768.jpg 768w, https:\/\/rheinklangwesseling.de\/wp-content\/uploads\/2025\/03\/Die-Enterbten-100x100.jpg 100w, https:\/\/rheinklangwesseling.de\/wp-content\/uploads\/2025\/03\/Die-Enterbten.jpg 1536w\" sizes=\"auto, (max-width: 767px) 89vw, (max-width: 1000px) 54vw, (max-width: 1071px) 543px, 580px\" \/><\/figure>\n\n\n\n<p><strong>Die Enterbten<\/strong> sind keine gew\u00f6hnliche Band. Mit einer explosiven Mischung aus Rock, einem Hauch Punk und einer Prise 80er-Jahre-Feeling bringen sie frischen Wind in die Musikszene. Authentisch, laut und unvergesslich! Ihre deutschen Texte, die mal tiefgr\u00fcndig, mal augenzwinkernd sind, spiegeln die Freude wider, die sie auf der B\u00fchne und im Proberaum gemeinsam erleben.<\/p>\n\n\n\n<p>Die f\u00fcnf Mitglieder der Band mit ihrer verr\u00fcckten, ehrlichen und kritischen Haltung haben jede Menge Spa\u00df miteinander, und das merkt man \u2013 ob im Studio, auf der B\u00fchne oder bei ihren Interaktionen mit dem Publikum.<br>&#8222;Wer zu Lebzeiten noch was \u00fcbrig hat, sollte in diese Band investieren!&#8220;<\/p>\n\n\n\n<p>Die Besetzung:<br>Michaela Ansey, Gesang<br>Oggy van Rock, Gitarre<br>Ingo Dudda, Schlagzeug<br>Mario Hoverath, Bass<br>Guido Rizzato, Keys<\/p>\n\n\n\n<p>Mit ihrem einzigartigen Sound und ihrem unverwechselbaren Stil haben sich <strong>Die Enterbten <\/strong>einen festen Platz in der Rock- und Punkszene erarbeitet. Ihre Konzerte sind mehr als nur Auftritte \u2013 sie sind Erlebnisse, die das Publikum mitrei\u00dfen und lange in Erinnerung bleiben.<\/p>\n\n\n\n<p>Weitere Informationen:<br><a href=\"https:\/\/www.dieenterbten.de\">https:\/\/www.dieenterbten.de<\/a><br><a href=\"https:\/\/www.facebook.com\/DieEnterbten\">https:\/\/www.facebook.com\/DieEnterbten<\/a><br><a href=\"https:\/\/www.instagram.com\/die_enterbten\">https:\/\/www.instagram.com\/die_enterbten<\/a><\/p>\n\n\n\n<p class=\"has-text-align-center has-medium-font-size\"><strong>Die Rockg\u00f6ren<\/strong><\/p>\n\n\n\n<figure class=\"wp-block-image size-large is-resized\"><img loading=\"lazy\" decoding=\"async\" width=\"1024\" height=\"690\" src=\"https:\/\/rheinklangwesseling.de\/wp-content\/uploads\/2025\/03\/Rockgoeren-1024x690.png\" alt=\"\" class=\"wp-image-2623\" style=\"width:674px;height:auto\" srcset=\"https:\/\/rheinklangwesseling.de\/wp-content\/uploads\/2025\/03\/Rockgoeren-1024x690.png 1024w, https:\/\/rheinklangwesseling.de\/wp-content\/uploads\/2025\/03\/Rockgoeren-300x202.png 300w, https:\/\/rheinklangwesseling.de\/wp-content\/uploads\/2025\/03\/Rockgoeren-768x518.png 768w, https:\/\/rheinklangwesseling.de\/wp-content\/uploads\/2025\/03\/Rockgoeren-1536x1035.png 1536w, https:\/\/rheinklangwesseling.de\/wp-content\/uploads\/2025\/03\/Rockgoeren.png 1942w\" sizes=\"auto, (max-width: 767px) 89vw, (max-width: 1000px) 54vw, (max-width: 1071px) 543px, 580px\" \/><\/figure>\n\n\n\n<p><strong>Die Rockg\u00f6ren<\/strong> stehen f\u00fcr eine Rock Cover Show. Ein Haufen wild gewordener G\u00f6ren &#8211; weiblich wie auch m\u00e4nnlich -, die in der Rocklandschaft ordentlich Wirbel machen. Gutes musikalisches Handwerk vereint mit einem Augenschmaus durch beeindruckende Showelemente ergibt einen ganz besonderen Unterhaltungsfaktor. Mit der Lizenz zum Feiern und Abrocken!<\/p>\n\n\n\n<p>Sowohl alte Klassiker als auch neue Rock-, Hardrock- und Popnummern bereichern das zweist\u00fcndige Repertoire, was immer der Veranstaltung und den W\u00fcnschen des Veranstalters angepasst werden kann. Ob Kurzprogramm, Club oder Festival, sie sind auf alles vorbereitet.<\/p>\n\n\n\n<p>Die Br\u00fchler Band besteht aus erfahrenen Musikern, die alle das gewisse Qu\u00e4ntchen Verr\u00fccktheit, Ehrgeiz, Experimentierfreude und Spa\u00df mitbringen, die es braucht, um eine abwechslungsreiche, hei\u00dfe und rockige Show auf die B\u00fchne zu bringen.<br>Der Schlachtruf lautet: YOU PARTY- WE ROCK.<\/p>\n\n\n\n<p>Auszug aus dem Repertoire:<br>Walk This Way&nbsp;&nbsp;\u2022&nbsp; Because the Night&nbsp; \u2022&nbsp; Basket Case \u2022 TNT \u2022 Born To Be Wild \u2022 Hammer to Fall&nbsp;\u2022 I Love Rock n Roll&nbsp;&nbsp;\u2022&nbsp; Jumping Jack Flash \u2022&nbsp;Hard to Handle \u2022&nbsp; Weak &nbsp;\u2022&nbsp; Whole Lotta Love&nbsp; \u2022&nbsp; Fight For Your Right&nbsp;&nbsp;\u2022&nbsp; Bring Me Some Water&nbsp; \u2022&nbsp; Whole Lotta Rosie&nbsp; \u2022&nbsp; We Will Rock You &nbsp;\u2022&nbsp; Killing In The Name of \u2022&nbsp;Highway to Hell&nbsp; \u2022&nbsp; Ballroom Blitz&nbsp; \u2022 &nbsp;Rebell Yell \u2022&nbsp;We&#8217;re Not Gonna Take It \u2022 Tainted Love \u2022 Balls to the Wall \u2022 Knockin\u2018 On Heaven\u2019s Door \u2022 &nbsp;I\u00b4m a Bitch \u2022 Can the Can.<\/p>\n\n\n\n<p>Weitere Informationen:<br><a href=\"https:\/\/www.rockgoeren.de\">https:\/\/www.rockgoeren.de<\/a><br><a href=\"https:\/\/www.facebook.com\/rockgoeren\">https:\/\/www.facebook.com\/rockgoeren<\/a><\/p>\n\n\n\n<p class=\"has-text-align-center has-medium-font-size\"><strong>Restaurant Kulisse &#8211; 19:00 Uhr<\/strong><\/p>\n\n\n\n<p class=\"has-text-align-center has-small-font-size\">K\u00f6lner Str. 16<\/p>\n\n\n\n<p>Im Restaurant Kulisse Wesseling gibt es wieder zwei Konzerte: Um 19 Uhr spielt <strong>Space Age Dream<\/strong> nach dem Motto &#8222;Rock! Fertig! Aus!&#8220; Und ab 21 Uhr gibt es handgemachte Musik von <strong>Kabelbrand <\/strong>&#8211; mit Spa\u00df und Freude an der Musik.<\/p>\n\n\n\n<p class=\"has-text-align-center has-medium-font-size\"><strong>Space Age Dream <\/strong><\/p>\n\n\n\n<figure class=\"wp-block-image size-large is-resized\"><img loading=\"lazy\" decoding=\"async\" width=\"1024\" height=\"539\" src=\"https:\/\/rheinklangwesseling.de\/wp-content\/uploads\/2025\/03\/Space-Age-Dream-2-1024x539.png\" alt=\"\" class=\"wp-image-2626\" style=\"width:674px;height:auto\" srcset=\"https:\/\/rheinklangwesseling.de\/wp-content\/uploads\/2025\/03\/Space-Age-Dream-2-1024x539.png 1024w, https:\/\/rheinklangwesseling.de\/wp-content\/uploads\/2025\/03\/Space-Age-Dream-2-300x158.png 300w, https:\/\/rheinklangwesseling.de\/wp-content\/uploads\/2025\/03\/Space-Age-Dream-2-768x405.png 768w, https:\/\/rheinklangwesseling.de\/wp-content\/uploads\/2025\/03\/Space-Age-Dream-2-1536x809.png 1536w, https:\/\/rheinklangwesseling.de\/wp-content\/uploads\/2025\/03\/Space-Age-Dream-2-2048x1079.png 2048w\" sizes=\"auto, (max-width: 767px) 89vw, (max-width: 1000px) 54vw, (max-width: 1071px) 543px, 580px\" \/><\/figure>\n\n\n\n<p>In <strong>SPACE AGE DREAM <\/strong>pflegen mit ihrem markanten Sound die lebendige britische und angloamerikanisch gepr\u00e4gte Rockmusik &#8211; ein grundsolider, handwerklicher Kontrapunkt zur musikalischen Wegwerfkultur und schlagertriefenden Bierseligkeit.<br>Die Band zelebriert in der klassischer Besetzung Bass, zwei Gitarren, Schlagzeug und Gesang puren Rock&#8217;n&#8217;Roll. Die musikalische Geschlossenheit der Band und die markante Stimme der S\u00e4ngerin ergeben eine einzigartige, ehrliche Liveshow. Es wird hard gerockt, geil und laut, Bierzelt-Partysound gibt\u2019s woanders.<\/p>\n\n\n\n<p>So come on, let&#8217;s go space truckin&#8216; like a rocket ship on our way to Mars\u2026<\/p>\n\n\n\n<p>Zusammengefunden hat sich die Band an einem 30. Februar nach der Kita, beim gemeinsamen Versuch zweier Jungs, ein Fahrrad als 2er-Skateboard zu verwenden. Die zwei wollten damit im Zirkus auftreten, wurden aber versehentlich f\u00fcr einen Kindergeburtstag gebucht. Dort lernten sie eine Kinderschminkerin kennen, die gerade bei der Firma \u201ePaint-a-Rotzl\u00f6ffel\u201c gek\u00fcndigt hatte. Der vierte suchte im Vorgarten seine Katze,fand aber nur eine Gitarre. Der f\u00fcnfte stand zuf\u00e4llig dabei, als der Gruppe angeboten wurde, auf dem Grillfest des lokalen Fu\u00dfballvereins zu spielen. Da die Elf nur aus 5 Personen bestand, ein Ball nicht aufzutreiben war, und sie als W\u00fcrstchendreher bis heute \u00fcberqualifiziert und untermotiviert sind, wurde spontan die Gelegenheit f\u00fcr den ersten Auftritt der Bandgeschichte genutzt \u2013 und nun sind sie: SPACE AGE DREAM &#8211; and they play Rock&#8217;n&#8217;Roll\u2026<\/p>\n\n\n\n<p>Die Besetzung:<br>Georg Dohmen: Drums<br>Gudrun Mangel: Lead Vocals<br>Oliver Mangel: Guitar, Vocals<br>Christian Metzner: Gitarre, Vocals<br>Michael M\u00fcller-Bungart: Bass<\/p>\n\n\n\n<p>Weitere Informationen:<br><a href=\"https:\/\/www.facebook.com\/SpaceAgeDreamBand\">https:\/\/www.facebook.com\/SpaceAgeDreamBand<\/a><\/p>\n\n\n\n<p class=\"has-text-align-center has-medium-font-size\"><strong>Kabelbrand<\/strong><\/p>\n\n\n\n<figure class=\"wp-block-image size-large is-resized\"><img loading=\"lazy\" decoding=\"async\" width=\"1024\" height=\"679\" src=\"https:\/\/rheinklangwesseling.de\/wp-content\/uploads\/2025\/03\/Kabelbrand-1024x679.jpg\" alt=\"\" class=\"wp-image-2628\" style=\"width:674px;height:auto\" srcset=\"https:\/\/rheinklangwesseling.de\/wp-content\/uploads\/2025\/03\/Kabelbrand-1024x679.jpg 1024w, https:\/\/rheinklangwesseling.de\/wp-content\/uploads\/2025\/03\/Kabelbrand-300x199.jpg 300w, https:\/\/rheinklangwesseling.de\/wp-content\/uploads\/2025\/03\/Kabelbrand-768x509.jpg 768w, https:\/\/rheinklangwesseling.de\/wp-content\/uploads\/2025\/03\/Kabelbrand-1536x1018.jpg 1536w, https:\/\/rheinklangwesseling.de\/wp-content\/uploads\/2025\/03\/Kabelbrand-2048x1358.jpg 2048w\" sizes=\"auto, (max-width: 767px) 89vw, (max-width: 1000px) 54vw, (max-width: 1071px) 543px, 580px\" \/><\/figure>\n\n\n\n<p>Seit 2016 bringt <strong>Kabelbrand<\/strong>, eine sechsk\u00f6pfige Band aus dem Raum D\u00fcren, ehrliche und handgemachte Musik auf die B\u00fchne. Die Band begeistert mit ihrem abwechslungsreichen Repertoire aus rheinischen Liedern, Coversongs im eigenen Stil und selbstgeschriebenen St\u00fccken. Der Spa\u00df und die gemeinsame Freude an der Musik ist f\u00fcr die S\u00e4ngerin und die Musiker wichtig.<\/p>\n\n\n\n<p>Besonders bekannt ist <strong>Kabelbrand<\/strong> f\u00fcr kreative und unkonventionelle Aktionen. Ihre \u201esingende Bierbude\u201c beim D\u00fcrener Stadtfest verbindet Musik, Mitmach-Stimmung und soziale Verantwortung, da dabei Spenden f\u00fcr gemeinn\u00fctzige Zwecke gesammelt werden.<\/p>\n\n\n\n<p>Jeder Auftritt von <strong>Kabelbrand<\/strong> ist individuell. Die Band liebt es, sich an die Stimmung des Publikums anzupassen. Die Musiker \u00fcberraschen gerne mit spontanen Liedern oder ungew\u00f6hnlichen Instrumenten, die sie aus Spa\u00df ausprobieren. Dabei steht der Kontakt zu den Zuh\u00f6rern immer im Vordergrund \u2013 ob beim gemeinsamen Singen, Lachen oder Musizieren.<\/p>\n\n\n\n<p><strong>Kabelbrand<\/strong> steht f\u00fcr Musik, die verbindet, und f\u00fcr eine Gemeinschaft, die nicht nur auf der B\u00fchne harmoniert, sondern auch dar\u00fcber hinaus das Zusammensein sch\u00e4tzt.<\/p>\n\n\n\n<p>Die Besetzung:<br>Ingo und Franzi \u2013 Gesang<br>Roman \u2013 Drums, Gesang<br>Thomas \u2013 Bass, Gesang<br>Christian \u2013 Klavier<br>Hartmut \u2013 Gitarre, Gesang<\/p>\n\n\n\n<p>Weitere Informationen:<br><a href=\"https:\/\/www.facebook.com\/groups\/138652613373639\/\">https:\/\/www.facebook.com\/groups\/138652613373639\/<\/a><br><a href=\"https:\/\/www.instagram.com\/kabelbrand_official\">https:\/\/www.instagram.com\/kabelbrand_official<\/a><\/p>\n\n\n\n<p class=\"has-text-align-center has-medium-font-size\"><strong>Sonnenberg &#8211; 19:00 Uhr<\/strong><\/p>\n\n\n\n<p class=\"has-text-align-center has-small-font-size\">Auf dem Sonnenberg 31a<\/p>\n\n\n\n<p>Im Sonnenberg Wesseling gibt es gleich zwei Konzerte: Ab 19 Uhr spielt die Sch\u00fclerband <strong>Trouble<\/strong> der Modern Music School Br\u00fchl. Und um 21 Uhr ist wieder die Band <strong>N2BF &#8211; No Time To Be Famous <\/strong>&#8211; mit eigenen Rock-Songs dabei.<\/p>\n\n\n\n<p class=\"has-text-align-center has-medium-font-size\"><strong>Trouble<\/strong><\/p>\n\n\n\n<figure class=\"wp-block-image size-large is-resized\"><img loading=\"lazy\" decoding=\"async\" width=\"1024\" height=\"682\" src=\"https:\/\/rheinklangwesseling.de\/wp-content\/uploads\/2025\/03\/Trouble-1-1024x682.jpg\" alt=\"\" class=\"wp-image-2630\" style=\"width:674px;height:auto\" srcset=\"https:\/\/rheinklangwesseling.de\/wp-content\/uploads\/2025\/03\/Trouble-1-1024x682.jpg 1024w, https:\/\/rheinklangwesseling.de\/wp-content\/uploads\/2025\/03\/Trouble-1-300x200.jpg 300w, https:\/\/rheinklangwesseling.de\/wp-content\/uploads\/2025\/03\/Trouble-1-768x512.jpg 768w, https:\/\/rheinklangwesseling.de\/wp-content\/uploads\/2025\/03\/Trouble-1-1536x1023.jpg 1536w, https:\/\/rheinklangwesseling.de\/wp-content\/uploads\/2025\/03\/Trouble-1-2048x1364.jpg 2048w\" sizes=\"auto, (max-width: 767px) 89vw, (max-width: 1000px) 54vw, (max-width: 1071px) 543px, 580px\" \/><\/figure>\n\n\n\n<p>Freitagabends Vollgas geben mit 2 E-Gitarren, Bass, Schlagzeug und Keyboards \u2013 das ist die Band <strong>Trouble<\/strong> rund um S\u00e4ngerin Sina!<\/p>\n\n\n\n<p>Auch wenn der Name es nicht unbedingt verr\u00e4t, die jungen Musiker spielen feinsten Rockcover und versuchen sich so nah wie m\u00f6glich am Original zu halten. Im Programm finden sich Songs von Greenday, Linkin Park, One Republic, den Red Hot Chili Peppers, Bon Jovi und viele mehr! Mitsingen ist erlaubt!<\/p>\n\n\n\n<p>Besetzung:<br>Hendrik \u2013 Lead-E-Gitarre<br>Finn \u2013 E-Gitarre<br>Adrian \u2013 Bass<br>Marcel \u2013 Drums<br>Sina \u2013 Gesang<br>Andreas &#8211; Keyboards<\/p>\n\n\n\n<p>Weitere Informationen:<br><a href=\"https:\/\/www.modernmusicschool.com\/bruehl\/\">https:\/\/www.modernmusicschool.com\/bruehl\/<\/a><br><a href=\"https:\/\/www.facebook.com\/mmsbruehl\/\">https:\/\/www.facebook.com\/mmsbruehl\/<\/a><\/p>\n\n\n\n<p class=\"has-text-align-center has-medium-font-size\"><strong><strong>N2BF<\/strong> &#8211; No Time To Be Famous<\/strong><\/p>\n\n\n\n<figure class=\"wp-block-image size-large is-resized\"><img loading=\"lazy\" decoding=\"async\" width=\"1024\" height=\"769\" src=\"https:\/\/rheinklangwesseling.de\/wp-content\/uploads\/2025\/03\/N2BF-2024-Anita-Brandtstaeter-1024x769.jpg\" alt=\"\" class=\"wp-image-2631\" style=\"width:674px;height:auto\" srcset=\"https:\/\/rheinklangwesseling.de\/wp-content\/uploads\/2025\/03\/N2BF-2024-Anita-Brandtstaeter-1024x769.jpg 1024w, https:\/\/rheinklangwesseling.de\/wp-content\/uploads\/2025\/03\/N2BF-2024-Anita-Brandtstaeter-300x225.jpg 300w, https:\/\/rheinklangwesseling.de\/wp-content\/uploads\/2025\/03\/N2BF-2024-Anita-Brandtstaeter-768x577.jpg 768w, https:\/\/rheinklangwesseling.de\/wp-content\/uploads\/2025\/03\/N2BF-2024-Anita-Brandtstaeter-1536x1153.jpg 1536w, https:\/\/rheinklangwesseling.de\/wp-content\/uploads\/2025\/03\/N2BF-2024-Anita-Brandtstaeter-2048x1538.jpg 2048w\" sizes=\"auto, (max-width: 767px) 89vw, (max-width: 1000px) 54vw, (max-width: 1071px) 543px, 580px\" \/><\/figure>\n\n\n\n<p>Foto: Anita Brandtst\u00e4ter<\/p>\n\n\n\n<p>Die K\u00f6ln\/Bonner Band <strong>No Time To Be Famous (N2BF) <\/strong>wurde bereits 1995 gegr\u00fcndet. Alle Bandmitglieder lieben Rock und teilen gemeinsam das Ziel, mit eigenen Songs ihr Publikum zu begeistern. Bereits im Gr\u00fcndungsjahr zu einer der besten Bonner Bands gew\u00e4hlt, haben sie seitdem viele Konzerte im In- und Ausland gegeben.<\/p>\n\n\n\n<p><strong>N2BF<\/strong> steht f\u00fcr guten handgemachten Rock, professionell und mit Druck gespielt.<br>Ihr Stil ist gepr\u00e4gt von Reminiszenzen an die 1970er, kombiniert mit modernen Sounds und einem Songwriting, das ihre Lust auf Experimente h\u00f6rbar werden l\u00e4sst.<\/p>\n\n\n\n<p>Besetzung:<br>Klaus B\u00e4r, Synthesizer\/Bass<br>Dirk Bester, Bass<br>Elmar Pohl, Gitarre<br>Michael Reuter, Drums<br>J\u00f6rg Weiler, Vocals<br>Wolfgang Wessel, Keyboard<\/p>\n\n\n\n<p>Weitere Informationen:<br><a href=\"https:\/\/www.n2bf.de\/\">https:\/\/www.n2bf.de\/<\/a><br><a href=\"https:\/\/www.facebook.com\/N2BF.rocks\/\">https:\/\/www.facebook.com\/N2BF.rocks\/<\/a><br><a href=\"https:\/\/www.youtube.com\/@n2bf\">https:\/\/www.youtube.com\/@n2bf<\/a><\/p>\n\n\n\n<p class=\"has-text-align-center has-medium-font-size\"><strong>C&#8217;est la vie &#8211; 20:00 Uhr<\/strong><\/p>\n\n\n\n<p class=\"has-text-align-center has-small-font-size\">Bahnhofstra\u00dfe 23<\/p>\n\n\n\n<p class=\"has-text-align-center has-medium-font-size\"><strong>Kickass Bastards<\/strong><\/p>\n\n\n\n<figure class=\"wp-block-image size-large is-resized\"><img loading=\"lazy\" decoding=\"async\" width=\"1024\" height=\"768\" src=\"https:\/\/rheinklangwesseling.de\/wp-content\/uploads\/2025\/03\/Kickass-Bastards-1024x768.jpg\" alt=\"\" class=\"wp-image-2633\" style=\"width:674px;height:auto\" srcset=\"https:\/\/rheinklangwesseling.de\/wp-content\/uploads\/2025\/03\/Kickass-Bastards-1024x768.jpg 1024w, https:\/\/rheinklangwesseling.de\/wp-content\/uploads\/2025\/03\/Kickass-Bastards-300x225.jpg 300w, https:\/\/rheinklangwesseling.de\/wp-content\/uploads\/2025\/03\/Kickass-Bastards-768x576.jpg 768w, https:\/\/rheinklangwesseling.de\/wp-content\/uploads\/2025\/03\/Kickass-Bastards-1536x1152.jpg 1536w, https:\/\/rheinklangwesseling.de\/wp-content\/uploads\/2025\/03\/Kickass-Bastards-2048x1536.jpg 2048w\" sizes=\"auto, (max-width: 767px) 89vw, (max-width: 1000px) 54vw, (max-width: 1071px) 543px, 580px\" \/><\/figure>\n\n\n\n<p>Die <strong>Kickass Bastards <\/strong>kommen aus der sch\u00f6nen Schlossstadt Br\u00fchl. Gegr\u00fcndet am 1. November 2014 in der Gastst\u00e4tte Nebenan, seitdem in der Region unterwegs und dieses Jahr auf Jubil\u00e4umstour.<\/p>\n\n\n\n<p>Sie verw\u00f6hnen ihre Zuh\u00f6rer mit knalliger und druckvoller Rockmusik. Mit Cover-Songs, die ein jeder kennt, aber nicht ein jeder spielt, oder auch mit eigenen k\u00f6lschen Rocksongs, gespielt auf ihre besondere Art und Weise.<\/p>\n\n\n\n<p>Sie bieten ein laute Show f\u00fcr Jung und Alt. Ihr gro\u00dfes Repertoire reicht von damals bis heute.<\/p>\n\n\n\n<p>Ihr Motto: Keep on Rockin&#8216; \/ We are Loud and Proud.<\/p>\n\n\n\n<p>Die Besetzung:<br>Udo Dederichs &#8211; Gesang\/Vocals\/Ged\u00f6ns<br>Nils Nissen &#8211; Leadgitarre<br>Michael Neubauer &#8211; Rhythmusgitarre<br>Christian Schulz &#8211; Bass<br>Uwe &#8222;Schunky&#8220; Schunk &#8211; Schlagzeug<\/p>\n\n\n\n<p>Weitere Informationen:<br><a href=\"http:\/\/www.kickass-bastards.com\/\">http:\/\/www.kickass-bastards.com\/<\/a><br><a href=\"https:\/\/www.facebook.com\/groups\/272486941611122\">https:\/\/www.facebook.com\/groups\/272486941611122<\/a><\/p>\n\n\n\n<p class=\"has-text-align-center has-medium-font-size\"><strong>Restaurant Tendur &#8211; 20:00 Uhr<\/strong><\/p>\n\n\n\n<p class=\"has-text-align-center has-small-font-size\">Flach-Fengler-Stra\u00dfe 78-80<\/p>\n\n\n\n<p class=\"has-text-align-center has-medium-font-size\"><strong>Celtic Fire<\/strong><\/p>\n\n\n\n<figure class=\"wp-block-image size-large is-resized\"><img loading=\"lazy\" decoding=\"async\" width=\"1024\" height=\"1024\" src=\"https:\/\/rheinklangwesseling.de\/wp-content\/uploads\/2025\/03\/Celtic-Fire-1024x1024.jpg\" alt=\"\" class=\"wp-image-2635\" style=\"width:674px;height:auto\" srcset=\"https:\/\/rheinklangwesseling.de\/wp-content\/uploads\/2025\/03\/Celtic-Fire-1024x1024.jpg 1024w, https:\/\/rheinklangwesseling.de\/wp-content\/uploads\/2025\/03\/Celtic-Fire-300x300.jpg 300w, https:\/\/rheinklangwesseling.de\/wp-content\/uploads\/2025\/03\/Celtic-Fire-150x150.jpg 150w, https:\/\/rheinklangwesseling.de\/wp-content\/uploads\/2025\/03\/Celtic-Fire-768x768.jpg 768w, https:\/\/rheinklangwesseling.de\/wp-content\/uploads\/2025\/03\/Celtic-Fire-1536x1536.jpg 1536w, https:\/\/rheinklangwesseling.de\/wp-content\/uploads\/2025\/03\/Celtic-Fire-2048x2048.jpg 2048w, https:\/\/rheinklangwesseling.de\/wp-content\/uploads\/2025\/03\/Celtic-Fire-100x100.jpg 100w\" sizes=\"auto, (max-width: 767px) 89vw, (max-width: 1000px) 54vw, (max-width: 1071px) 543px, 580px\" \/><\/figure>\n\n\n\n<p><strong>Celtic Fire<\/strong> ist eine Idee von Hartmut Dick. Im Dezember 2016 hat er die Geigenlehrerin seiner Tochter, Doro Schmitz, gefragt, ob sie sich vorstellen k\u00f6nnte, in einer Band Irish Folk zu spielen. Er kannte noch einen Drummer, der Zeit hatte, und Doro Schmitz rekrutierte ihren Mann Josef Schmitz, Akkordeon und Gesang, der direkt Feuer und Flamme war. Der erste Auftritt war 2018 beim Sommerfest der Karnevalsgesellschaft Zuckerkn\u00f6llchen in Br\u00fchl. Auftritte im Seasons Br\u00fchl und bei Br\u00fchler Festivals folgten. Seit einigen Jahren geh\u00f6rt der Irische Abend in der Gastst\u00e4tte Nebenan in Br\u00fchl im November fest in den Terminplan eines Jahres.<\/p>\n\n\n\n<p>Gespielt wird, wo Platz ist &#8211; ob am Esstisch im Wohnzimmer, in der Kneipe oder auf der Open-Air-B\u00fchne. Hauptsache es macht Spa\u00df! Irish Folk ist Hauptbestandteil des Repertoires, aber es gibt auch Ausfl\u00fcge zum Scottish Folk oder Blue Grass. Im Repertoire sind z.B. &#8222;Molly Malone&#8220;, &#8222;Guns und Drums&#8220;, &#8222;Irish Pub&#8220;, &#8222;Paddy on the Railway&#8220;, &#8222;Dirty old Town&#8220;, &#8222;Boat on the River&#8220;, &#8222;Galway Girl&#8220;\u2026<\/p>\n\n\n\n<p><strong>Celtic Fire<\/strong> spielt in der Besetzung: Doro Schmitz, Fiddle, Vocals; Hartmut Dick, Gitarre, Banjo, Backing Vocals; Josef Schmitz, Akkordeon, Lead Vocals, und Ralf Droll, Bass, Fu\u00dftrommel, Backing Vocals. Sowohl die Besetzung als auch das Repertoire versprechen tolle Unterhaltung.<\/p>\n\n\n\n<p>Weitere Informationen: <\/p>\n\n\n\n<p><a href=\"https:\/\/www.facebook.com\/celticfirebruehl\">https:\/\/www.facebook.com\/celticfirebruehl<\/a><\/p>\n\n\n\n<p class=\"has-text-align-center has-medium-font-size\"><strong>King of Beef &#8211; 20:00 Uhr<\/strong><\/p>\n\n\n\n<p class=\"has-text-align-center has-small-font-size\">Flach-Fengler-Stra\u00dfe 60<\/p>\n\n\n\n<p class=\"has-text-align-center has-medium-font-size\"><strong>Frau Reim<\/strong><\/p>\n\n\n\n<figure class=\"wp-block-image size-large is-resized\"><img loading=\"lazy\" decoding=\"async\" width=\"1024\" height=\"1024\" src=\"https:\/\/rheinklangwesseling.de\/wp-content\/uploads\/2025\/03\/Frau-Reim-Susan-1024x1024.png\" alt=\"\" class=\"wp-image-2673\" style=\"width:674px;height:auto\" srcset=\"https:\/\/rheinklangwesseling.de\/wp-content\/uploads\/2025\/03\/Frau-Reim-Susan-1024x1024.png 1024w, https:\/\/rheinklangwesseling.de\/wp-content\/uploads\/2025\/03\/Frau-Reim-Susan-300x300.png 300w, https:\/\/rheinklangwesseling.de\/wp-content\/uploads\/2025\/03\/Frau-Reim-Susan-150x150.png 150w, https:\/\/rheinklangwesseling.de\/wp-content\/uploads\/2025\/03\/Frau-Reim-Susan-768x768.png 768w, https:\/\/rheinklangwesseling.de\/wp-content\/uploads\/2025\/03\/Frau-Reim-Susan-100x100.png 100w, https:\/\/rheinklangwesseling.de\/wp-content\/uploads\/2025\/03\/Frau-Reim-Susan.png 1122w\" sizes=\"auto, (max-width: 767px) 89vw, (max-width: 1000px) 54vw, (max-width: 1071px) 543px, 580px\" \/><\/figure>\n\n\n\n<p>Bei King of Beef ist <strong>Frau Reim <\/strong>um die S\u00e4ngerin Susan Hollender ab 20 Uhr zu Gast, deren Motto es ist, unkompliziert Musik zu machen.<\/p>\n\n\n\n<p>Dieses Motto hat die K\u00fcnstler vor ein paar Jahren zusammengebracht. In wenigen Proben stellten die Freunde ein Programm aus Soul und Pop von den Sechzigern bis in die Gegenwart zusammen &#8211; mit Gesang, Gitarre, Bass und Drums. Nachdem die Band zun\u00e4chst als Freiraum auf den B\u00fchnen der Region unterwegs war, und damit in guter Gesellschaft mit anderen Bands desselben Namens, stand nach einer Permutation der Buchstaben dann pl\u00f6tzlich \u201e<strong>Frau Reim<\/strong>\u201c in der T\u00fcr.<\/p>\n\n\n\n<p>Neben eigenen Songs geh\u00f6ren Cover-Songs zum Repertoire der Band \u2013 so z.B. Songs von Dusty Springfield, Stevie Wonder, Megan Traynor, Duffy, John Lennon, Paul McCartney, Eurythmics, John Mayer, Suzanne Vega, James Morisson, Lady Gaga, Robbie Williams uvm.<\/p>\n\n\n\n<p>Die Band wird auch musikalisch und emotional mitrei\u00dfend Rock-Covers aus dem Repertoire von <strong>The Right Pill <\/strong>pr\u00e4sentieren, die sich auf &#8222;Female Rock Classix&#8220; spezialisiert hat, mit Songs von Beth Hart, Pink, Skunk Anansie, Alanis Morissette, Eurythmics\u2026<\/p>\n\n\n\n<p><strong>Frau Reim<\/strong>, das ist vor allem gute Laune, Spa\u00df und viel Soul. S\u00e4ngerin Susan Hollender hat bisher noch jedes Publikum mitgenommen und \u00fcberzeugt &#8211; sowohl mit ihrer gro\u00dfartigen Stimme als auch mit ihrer B\u00fchnenpr\u00e4senz. Unterst\u00fctzt von drei tollen Begleitmusikern.<\/p>\n\n\n\n<p>Besetzung<br>Susan Hollender, Gesang<br>Arno Labonte, Gitarre<br>Jochen Wellnitz, Bass<br>Jo Schneider, Drums<\/p>\n\n\n\n<p>Weitere Informationen:<br><a href=\"https:\/\/www.facebook.com\/fraureim\">https:\/\/www.facebook.com\/fraureim<\/a><br><a href=\"https:\/\/www.facebook.com\/therightpill\/\">https:\/\/www.facebook.com\/therightpill\/<\/a><\/p>\n","protected":false},"excerpt":{"rendered":"<p>24. Mai 2025 Rheinb\u00fchne &#8211; 15:00 Uhr Uferstra\u00dfe 1 Im Rahmen des 13. Wesselinger Musikfestivals RheinKlang 669 am 23.\/24. Mai 2025 gibt es am Samstag wieder ein B\u00fchnenprogramm ab 15 &hellip; <\/p>\n<p class=\"link-more\"><a href=\"https:\/\/rheinklangwesseling.de\/?page_id=1576\" class=\"more-link\"><span class=\"screen-reader-text\">\u201eFestivaltag 2025\u201c <\/span>weiterlesen<\/a><\/p>\n","protected":false},"author":1,"featured_media":0,"parent":0,"menu_order":0,"comment_status":"closed","ping_status":"closed","template":"","meta":{"ngg_post_thumbnail":0,"footnotes":""},"class_list":["post-1576","page","type-page","status-publish","hentry"],"_links":{"self":[{"href":"https:\/\/rheinklangwesseling.de\/index.php?rest_route=\/wp\/v2\/pages\/1576","targetHints":{"allow":["GET"]}}],"collection":[{"href":"https:\/\/rheinklangwesseling.de\/index.php?rest_route=\/wp\/v2\/pages"}],"about":[{"href":"https:\/\/rheinklangwesseling.de\/index.php?rest_route=\/wp\/v2\/types\/page"}],"author":[{"embeddable":true,"href":"https:\/\/rheinklangwesseling.de\/index.php?rest_route=\/wp\/v2\/users\/1"}],"replies":[{"embeddable":true,"href":"https:\/\/rheinklangwesseling.de\/index.php?rest_route=%2Fwp%2Fv2%2Fcomments&post=1576"}],"version-history":[{"count":164,"href":"https:\/\/rheinklangwesseling.de\/index.php?rest_route=\/wp\/v2\/pages\/1576\/revisions"}],"predecessor-version":[{"id":2718,"href":"https:\/\/rheinklangwesseling.de\/index.php?rest_route=\/wp\/v2\/pages\/1576\/revisions\/2718"}],"wp:attachment":[{"href":"https:\/\/rheinklangwesseling.de\/index.php?rest_route=%2Fwp%2Fv2%2Fmedia&parent=1576"}],"curies":[{"name":"wp","href":"https:\/\/api.w.org\/{rel}","templated":true}]}}