{"id":2713,"date":"2026-04-29T16:34:28","date_gmt":"2026-04-29T15:34:28","guid":{"rendered":"https:\/\/rheinklangwesseling.de\/?page_id=2713"},"modified":"2026-04-29T19:04:16","modified_gmt":"2026-04-29T18:04:16","slug":"eroeffnung-2026","status":"publish","type":"page","link":"https:\/\/rheinklangwesseling.de\/?page_id=2713","title":{"rendered":"Er\u00f6ffnung 2026"},"content":{"rendered":"\n<p class=\"has-text-align-center\"><strong>19. Juni 2026<\/strong><\/p>\n\n\n\n<p class=\"has-text-align-center has-medium-font-size\"><strong>C&#8217;est la Vie &#8211; ab 18:30 Uhr<\/strong><\/p>\n\n\n\n<p class=\"has-text-align-center has-small-font-size\">Bahnhofstra\u00dfe 23<\/p>\n\n\n\n<p>Im C&#8217;est la Vie gibt es zum Opening am <strong>19. Juni <\/strong>ab <strong>18:30 Uhr <\/strong>nach der Begr\u00fc\u00dfung gleich zwei Konzerte &#8211; zun\u00e4chst mit dem Duo <strong>SchoHnzeit<\/strong> und ab <strong>21 Uhr<\/strong> das Duo <strong>Geiler is&#8216; schon<\/strong> &#8211; die kleine Westernhagen Show.<\/p>\n\n\n\n<p class=\"has-text-align-center has-medium-font-size\"><strong><strong>SchoHnzeit<\/strong><\/strong> <strong>&#8211; 18:30 Uhr<\/strong><\/p>\n\n\n\n<figure class=\"wp-block-image size-full\"><img loading=\"lazy\" decoding=\"async\" width=\"2560\" height=\"2560\" src=\"https:\/\/rheinklangwesseling.de\/wp-content\/uploads\/2026\/04\/SchoHnzeit-2022_07_22-scaled.jpg\" alt=\"\" class=\"wp-image-2714\" srcset=\"https:\/\/rheinklangwesseling.de\/wp-content\/uploads\/2026\/04\/SchoHnzeit-2022_07_22-scaled.jpg 2560w, https:\/\/rheinklangwesseling.de\/wp-content\/uploads\/2026\/04\/SchoHnzeit-2022_07_22-300x300.jpg 300w, https:\/\/rheinklangwesseling.de\/wp-content\/uploads\/2026\/04\/SchoHnzeit-2022_07_22-1024x1024.jpg 1024w, https:\/\/rheinklangwesseling.de\/wp-content\/uploads\/2026\/04\/SchoHnzeit-2022_07_22-150x150.jpg 150w, https:\/\/rheinklangwesseling.de\/wp-content\/uploads\/2026\/04\/SchoHnzeit-2022_07_22-768x768.jpg 768w, https:\/\/rheinklangwesseling.de\/wp-content\/uploads\/2026\/04\/SchoHnzeit-2022_07_22-1536x1536.jpg 1536w, https:\/\/rheinklangwesseling.de\/wp-content\/uploads\/2026\/04\/SchoHnzeit-2022_07_22-2048x2048.jpg 2048w, https:\/\/rheinklangwesseling.de\/wp-content\/uploads\/2026\/04\/SchoHnzeit-2022_07_22-100x100.jpg 100w\" sizes=\"auto, (max-width: 767px) 89vw, (max-width: 1000px) 54vw, (max-width: 1071px) 543px, 580px\" \/><\/figure>\n\n\n\n<p><strong>SchoHnzeit<\/strong> &#8211; das sind Sue Behr-Lauscher und Rainer Behr aus Euskirchen-Kuchenheim. Das Ehepaar macht seit mittlerweile 25 Jahren eigene Musik und Covermusik aus 50 Jahren Rock- und Pop-Geschichte, gemischt mit K\u00f6lscher Musik. Sie treten als Duo oder als Trio auf &#8211; dann erg\u00e4nzt um Guido Strang am Cajon.<\/p>\n\n\n\n<p>Einen Namen machte sich SchoHnzeit 2014 durch die Teilnahme am Vorentscheid zum Eurovision Song Contest f\u00fcr Nordrhein-Westfalen mit dem Song &#8222;Zivilcourage&#8220;.<br>Auf vielen nationalen und internationalen B\u00fchnen begleiteten die Musiker Bands wie u.a. Barclay James Harvest, ASIA, Brings, Karl Palmer.<\/p>\n\n\n\n<p>Weitere Informationen:<br><a href=\"https:\/\/www.schohnzeit.de\/\">https:\/\/www.schohnzeit.de\/<\/a><br><a href=\"https:\/\/www.facebook.com\/p\/Schohnzeit-100049282675178\/\">https:\/\/www.facebook.com\/p\/Schohnzeit-100049282675178\/<\/a><br><a href=\"https:\/\/www.instagram.com\/schohnzeit\/\">https:\/\/www.instagram.com\/schohnzeit\/<\/a><br><a href=\"https:\/\/www.youtube.com\/@schohnzeitoffiziell1133\">https:\/\/www.youtube.com\/@schohnzeitoffiziell1133<\/a><\/p>\n\n\n\n<p class=\"has-text-align-center has-medium-font-size\"><strong><strong>Geiler is&#8216; schon<\/strong> &#8211; die kleine Westernhagen Show<\/strong> <strong>&#8211; 21 Uhr<\/strong><\/p>\n\n\n\n<figure class=\"wp-block-image size-large\"><img loading=\"lazy\" decoding=\"async\" width=\"666\" height=\"1024\" src=\"https:\/\/rheinklangwesseling.de\/wp-content\/uploads\/2026\/04\/Geiler-is-schon-Aufsteller-666x1024.jpg\" alt=\"\" class=\"wp-image-2715\" srcset=\"https:\/\/rheinklangwesseling.de\/wp-content\/uploads\/2026\/04\/Geiler-is-schon-Aufsteller-666x1024.jpg 666w, https:\/\/rheinklangwesseling.de\/wp-content\/uploads\/2026\/04\/Geiler-is-schon-Aufsteller-195x300.jpg 195w, https:\/\/rheinklangwesseling.de\/wp-content\/uploads\/2026\/04\/Geiler-is-schon-Aufsteller-768x1182.jpg 768w, https:\/\/rheinklangwesseling.de\/wp-content\/uploads\/2026\/04\/Geiler-is-schon-Aufsteller-998x1536.jpg 998w, https:\/\/rheinklangwesseling.de\/wp-content\/uploads\/2026\/04\/Geiler-is-schon-Aufsteller-1331x2048.jpg 1331w, https:\/\/rheinklangwesseling.de\/wp-content\/uploads\/2026\/04\/Geiler-is-schon-Aufsteller-scaled.jpg 1664w\" sizes=\"auto, (max-width: 666px) 100vw, 666px\" \/><\/figure>\n\n\n\n<p><strong>Geiler is\u2018 schon &#8211; die kleine Westernhagen Show <\/strong>&#8211; das sind Nico Pohl, Gesang, und Andreas K\u00f6p, Piano.<\/p>\n\n\n\n<p>Die beiden performen die kleinen und gro\u00dfen Hits von Marius M\u00fcller-Westernhagen mal ganz anders: nur mit Piano und Gesang gehen sie den Kompositionen der Rocklegende auf den Grund und wissen ihre G\u00e4ste auch mit wenig gro\u00df zu unterhalten.<\/p>\n\n\n\n<p>Nico Pohl &#8211; Voice and Blues Harp &#8211; ist die Stimme von Ganz &amp; Gar &#8211; Die Westernhagen Tribute Band aus Br\u00fchl. Andreas K\u00f6p &#8211; Piano and backing Vocals &#8211; ist der Tastenmann, Harmoniepfleger und Teppichleger von Ganz &amp; Gar &#8211; Die Westernhagen Tribute Band.<\/p>\n\n\n\n<p>Weitere Informationen:<br><a href=\"https:\/\/www.facebook.com\/geilerisschon\">https:\/\/www.facebook.com\/geilerisschon<\/a><br><a href=\"https:\/\/www.instagram.com\/geilerisschon_westernhagen\">https:\/\/www.instagram.com\/geilerisschon_westernhagen<\/a><\/p>\n","protected":false},"excerpt":{"rendered":"<p>19. Juni 2026 C&#8217;est la Vie &#8211; ab 18:30 Uhr Bahnhofstra\u00dfe 23 Im C&#8217;est la Vie gibt es zum Opening am 19. Juni ab 18:30 Uhr nach der Begr\u00fc\u00dfung gleich &hellip; <\/p>\n<p class=\"link-more\"><a href=\"https:\/\/rheinklangwesseling.de\/?page_id=2713\" class=\"more-link\"><span class=\"screen-reader-text\">\u201eEr\u00f6ffnung 2026\u201c <\/span>weiterlesen<\/a><\/p>\n","protected":false},"author":1,"featured_media":0,"parent":0,"menu_order":0,"comment_status":"closed","ping_status":"closed","template":"","meta":{"ngg_post_thumbnail":0,"footnotes":""},"class_list":["post-2713","page","type-page","status-publish","hentry"],"_links":{"self":[{"href":"https:\/\/rheinklangwesseling.de\/index.php?rest_route=\/wp\/v2\/pages\/2713","targetHints":{"allow":["GET"]}}],"collection":[{"href":"https:\/\/rheinklangwesseling.de\/index.php?rest_route=\/wp\/v2\/pages"}],"about":[{"href":"https:\/\/rheinklangwesseling.de\/index.php?rest_route=\/wp\/v2\/types\/page"}],"author":[{"embeddable":true,"href":"https:\/\/rheinklangwesseling.de\/index.php?rest_route=\/wp\/v2\/users\/1"}],"replies":[{"embeddable":true,"href":"https:\/\/rheinklangwesseling.de\/index.php?rest_route=%2Fwp%2Fv2%2Fcomments&post=2713"}],"version-history":[{"count":2,"href":"https:\/\/rheinklangwesseling.de\/index.php?rest_route=\/wp\/v2\/pages\/2713\/revisions"}],"predecessor-version":[{"id":2798,"href":"https:\/\/rheinklangwesseling.de\/index.php?rest_route=\/wp\/v2\/pages\/2713\/revisions\/2798"}],"wp:attachment":[{"href":"https:\/\/rheinklangwesseling.de\/index.php?rest_route=%2Fwp%2Fv2%2Fmedia&parent=2713"}],"curies":[{"name":"wp","href":"https:\/\/api.w.org\/{rel}","templated":true}]}}