{"id":2723,"date":"2026-04-29T16:32:45","date_gmt":"2026-04-29T15:32:45","guid":{"rendered":"https:\/\/rheinklangwesseling.de\/?page_id=2723"},"modified":"2026-04-29T21:06:00","modified_gmt":"2026-04-29T20:06:00","slug":"festivaltag-2026","status":"publish","type":"page","link":"https:\/\/rheinklangwesseling.de\/?page_id=2723","title":{"rendered":"Festivaltag 2026"},"content":{"rendered":"\n<p class=\"has-text-align-center has-medium-font-size\"><strong>20. Juni 2026<\/strong><\/p>\n\n\n\n<p>Im Rahmen des 14. Wesselinger Musikfestivals RheinKlang 669 am 19.\/20. Juni 2026 gibt es am Samstag wieder ein B\u00fchnenprogramm ab 15 Uhr an der Rheintreppe und au\u00dferdem in der Wesselinger City ein vielf\u00e4ltiges Programm in diversen Locations &#8211; nach dem Opening am Freitagabend im C&#8217;est la Vie.<\/p>\n\n\n\n<p class=\"has-text-align-center has-medium-font-size\"><strong>EDEKA Klein &#8211; ab 12 Uhr<\/strong><\/p>\n\n\n\n<p class=\"has-text-align-center has-small-font-size\">Berggeiststra\u00dfe 20<\/p>\n\n\n\n<p>Bei EDEKA Klein gibt es am 20. Juni ab 12 Uhr gleich zwei Konzerte &#8211; zun\u00e4chst mit dem Meckenheimer Trio <strong>Hat and Voice <\/strong>und ab 15 Uhr mit dem Bonner Duo <strong>GreenShoe<\/strong>.<\/p>\n\n\n\n<p class=\"has-text-align-center has-medium-font-size\"><strong>Hat and Voice &#8211; 12 Uhr<\/strong><\/p>\n\n\n\n<figure class=\"wp-block-image size-full\"><img loading=\"lazy\" decoding=\"async\" width=\"1243\" height=\"927\" src=\"https:\/\/rheinklangwesseling.de\/wp-content\/uploads\/2026\/04\/Hat-and-Voice.png\" alt=\"\" class=\"wp-image-2737\" srcset=\"https:\/\/rheinklangwesseling.de\/wp-content\/uploads\/2026\/04\/Hat-and-Voice.png 1243w, https:\/\/rheinklangwesseling.de\/wp-content\/uploads\/2026\/04\/Hat-and-Voice-300x224.png 300w, https:\/\/rheinklangwesseling.de\/wp-content\/uploads\/2026\/04\/Hat-and-Voice-1024x764.png 1024w, https:\/\/rheinklangwesseling.de\/wp-content\/uploads\/2026\/04\/Hat-and-Voice-768x573.png 768w\" sizes=\"auto, (max-width: 767px) 89vw, (max-width: 1000px) 54vw, (max-width: 1071px) 543px, 580px\" \/><\/figure>\n\n\n\n<p><strong>Hat and Voice<\/strong> &#8211; das sind Christiane Bornscheid und Franz Radmacher unter dem Motto &#8222;Two Voices &#8211; One Guitar&#8220;.<\/p>\n\n\n\n<p>Seit Jahren stehen beide in verschiedenen Formationen auf der B\u00fchne, doch seit 2023 gehen sie gemeinsam ihren eigenen Weg \u2013 mit Spielfreude, Leidenschaft und gro\u00dfem musikalischem Gesp\u00fcr. Ob Rock, Pop, Folk, Country oder Blues, ob deutsche oder englische Songs \u2013 Hat and Voice verleihen Klassikern wie auch weniger bekannten St\u00fccken ihren unverwechselbaren, gef\u00fchlvollen Sound.<\/p>\n\n\n\n<p>Ihre Setlist ist eine musikalische Zeitreise: von Rolling Stones, Beatles, Cat Stevens und Bob Dylan \u00fcber Pink, Amanda Marshall und Lady Gaga bis hin zu Die Toten Hosen, Marius M\u00fcller-Westernhagen, Hannes Wader und Reinhard Mey. Mit starken Stimmen, feinem Gitarrenspiel und ganz viel Herz lassen sie gro\u00dfe Hits und pers\u00f6nliche Lieblingssongs neu aufleben, die sie selbst und viele im Publikum gepr\u00e4gt haben.<\/p>\n\n\n\n<p>Reinhard Dittmann-Jung spielt seit 2025 bei Hat and Voice und verst\u00e4rkt mit seinem Bass oder auch der Keytar die Pr\u00e4senz der Songs. Er blickt auch auf eine langj\u00e4hrige musikalische Erfahrung in verschiedenen Bands im K\u00f6ln\/Bonner Raum seit den 1980ern zur\u00fcck.<\/p>\n\n\n\n<p>Weitere Informationen:<br><a href=\"https:\/\/www.facebook.com\/HatAndVoice\">https:\/\/www.facebook.com\/HatAndVoice<\/a><br><a href=\"https:\/\/www.youtube.com\/@HatAndVoice-z9u\">https:\/\/www.youtube.com\/@HatAndVoice-z9u<\/a><\/p>\n\n\n\n<p class=\"has-text-align-center has-medium-font-size\"><strong>GreenShoe &#8211; 15 Uhr<\/strong><\/p>\n\n\n\n<figure class=\"wp-block-image size-full\"><img loading=\"lazy\" decoding=\"async\" width=\"2560\" height=\"1922\" src=\"https:\/\/rheinklangwesseling.de\/wp-content\/uploads\/2026\/04\/GreenShoe-Anita-Brandtstaeter-scaled.jpg\" alt=\"\" class=\"wp-image-2738\" srcset=\"https:\/\/rheinklangwesseling.de\/wp-content\/uploads\/2026\/04\/GreenShoe-Anita-Brandtstaeter-scaled.jpg 2560w, https:\/\/rheinklangwesseling.de\/wp-content\/uploads\/2026\/04\/GreenShoe-Anita-Brandtstaeter-300x225.jpg 300w, https:\/\/rheinklangwesseling.de\/wp-content\/uploads\/2026\/04\/GreenShoe-Anita-Brandtstaeter-1024x769.jpg 1024w, https:\/\/rheinklangwesseling.de\/wp-content\/uploads\/2026\/04\/GreenShoe-Anita-Brandtstaeter-768x577.jpg 768w, https:\/\/rheinklangwesseling.de\/wp-content\/uploads\/2026\/04\/GreenShoe-Anita-Brandtstaeter-1536x1153.jpg 1536w, https:\/\/rheinklangwesseling.de\/wp-content\/uploads\/2026\/04\/GreenShoe-Anita-Brandtstaeter-2048x1538.jpg 2048w\" sizes=\"auto, (max-width: 767px) 89vw, (max-width: 1000px) 54vw, (max-width: 1071px) 543px, 580px\" \/><\/figure>\n\n\n\n<p>Foto: Anita Brandtst\u00e4ter<\/p>\n\n\n\n<p><strong>GreenShoe<\/strong>, das sind Roy Grunewald, Gitarre\/Gesang, und Thomas Schumacher, Caj\u00f3n. Sie haben sich gesucht und gefunden: der lange D\u00fcnne und der kleine Dicke!<\/p>\n\n\n\n<p>Unter dem Motto \u201eAlles hat seine Zeit\u201c laden die beiden zum Zuh\u00f6ren, Mitsingen und Mitlachen ein. Hierzu pr\u00e4sentieren sie Cover-Versionen aus fast 50 Jahren Musik-Geschichte. Ob Rock, Pop, Country, Folk oder Song-Comedy, f\u00fcr jeden ist etwas dabei, und alles hat seine Zeit! Die G\u00e4ste k\u00f6nnen sich auf Songs von Milow, Jason Mraz, Westernhagen, Die \u00c4rzte, The Beatles, Oasis, Rio Reiser, Sportfreunde Stiller, Udo J\u00fcrgens, Ganz sch\u00f6n feist, Torfrock\u2026 freuen.<\/p>\n\n\n\n<p>Weitere Informationen:<br><a href=\"https:\/\/www.facebook.com\/GreenShoeBonn\">https:\/\/www.facebook.com\/GreenShoeBonn<\/a><\/p>\n\n\n\n<p class=\"has-text-align-center has-medium-font-size\"><strong>Rheinb\u00fchne &#8211; ab 15 Uhr<\/strong><\/p>\n\n\n\n<p class=\"has-text-align-center has-small-font-size\">Uferstra\u00dfe 1<\/p>\n\n\n\n<p>Im B\u00fchnenprogramm sind dabei:<br><strong>Phil ze Loud<\/strong> &#8211; 15 Uhr<br><strong>69 SHOTZ<\/strong> &#8211; 17 Uhr<br><strong>SoulCake<\/strong> &#8211; 18 :45 Uhr<br><strong>Guns n&#8216; Poses<\/strong> &#8211; 20:45 Uhr<\/p>\n\n\n\n<p>Die Umbaupause vor dem letzten Act um 20:15 Uhr wird f\u00fcr einen besonderen Zwischenact genutzt: <strong>Donatella Bagpiper <\/strong>bringt den Sound der Great Highland Bagpipes vor die B\u00fchne.<\/p>\n\n\n\n<p class=\"has-text-align-center\"><strong>Phil ze Loud &#8211; 15 Uhr<\/strong><\/p>\n\n\n\n<figure class=\"wp-block-image size-full\"><img loading=\"lazy\" decoding=\"async\" width=\"2048\" height=\"1382\" src=\"https:\/\/rheinklangwesseling.de\/wp-content\/uploads\/2026\/04\/Phil-ze-Loud.jpg\" alt=\"\" class=\"wp-image-2739\" srcset=\"https:\/\/rheinklangwesseling.de\/wp-content\/uploads\/2026\/04\/Phil-ze-Loud.jpg 2048w, https:\/\/rheinklangwesseling.de\/wp-content\/uploads\/2026\/04\/Phil-ze-Loud-300x202.jpg 300w, https:\/\/rheinklangwesseling.de\/wp-content\/uploads\/2026\/04\/Phil-ze-Loud-1024x691.jpg 1024w, https:\/\/rheinklangwesseling.de\/wp-content\/uploads\/2026\/04\/Phil-ze-Loud-768x518.jpg 768w, https:\/\/rheinklangwesseling.de\/wp-content\/uploads\/2026\/04\/Phil-ze-Loud-1536x1037.jpg 1536w\" sizes=\"auto, (max-width: 767px) 89vw, (max-width: 1000px) 54vw, (max-width: 1071px) 543px, 580px\" \/><\/figure>\n\n\n\n<p><strong>Phil ze Loud<\/strong> ist eine der angesagten Rock-Coverbands aus K\u00f6ln \u2013 laut, leidenschaftlich und live. Die Band zelebriert Rockhymnen und Meilensteine der Rockgeschichte in mitrei\u00dfenden Versionen, die unter die Haut gehen.<br>ZZ Top, Billy Idol und Status Quo auf einer B\u00fchne? Dazu Deep Purple, Gary Moore und CCR als Special Guests \u2013 und als Zugabe die Doobie Brothers mit Bryan Adams? Unm\u00f6glich? Nicht bei Phil ze loud! Hier jagt ein Rockklassiker den n\u00e4chsten, mit gro\u00dfer Spielfreude und maximaler Energie. Authentisch, leidenschaftlich, intensiv.<\/p>\n\n\n\n<p>Frontmann Ducki, stimmgewaltiger S\u00e4nger und Gitarrist, stand bereits mit Gr\u00f6\u00dfen wie John Miles, Steve Lukather, Ian Paice auf der B\u00fchne. Ob als Headliner auf gro\u00dfen Festivals oder im Vorprogramm legend\u00e4rer Bands wie The Hooters, Sweet oder Uriah Heep.<br>An seiner Seite: Oggy Tyler, einer der herausragenden Gitarristen der K\u00f6lner Szene, der bei \u201eStill Got the Blues\u201c garantiert f\u00fcr G\u00e4nsehaut sorgt. Mike Briefs liefert am Bass das satte Fundament, w\u00e4hrend Willi Pulm an den Drums das volle Pfund treibt.<\/p>\n\n\n\n<p>Weitere Informationen:<br><a href=\"https:\/\/ducki5.wixsite.com\/meinewebsite-1\">https:\/\/ducki5.wixsite.com\/meinewebsite-1<\/a><br><a href=\"https:\/\/www.facebook.com\/Willi.Ducki.Mike.Oggy\/\">https:\/\/www.facebook.com\/Willi.Ducki.Mike.Oggy\/<\/a><\/p>\n\n\n\n<p class=\"has-text-align-center\"><strong>69 SHOTZ &#8211; 17 Uhr<\/strong><\/p>\n\n\n\n<figure class=\"wp-block-image size-full\"><img loading=\"lazy\" decoding=\"async\" width=\"2560\" height=\"1709\" src=\"https:\/\/rheinklangwesseling.de\/wp-content\/uploads\/2026\/04\/a-69-Shotz-scaled.jpg\" alt=\"\" class=\"wp-image-2740\" srcset=\"https:\/\/rheinklangwesseling.de\/wp-content\/uploads\/2026\/04\/a-69-Shotz-scaled.jpg 2560w, https:\/\/rheinklangwesseling.de\/wp-content\/uploads\/2026\/04\/a-69-Shotz-300x200.jpg 300w, https:\/\/rheinklangwesseling.de\/wp-content\/uploads\/2026\/04\/a-69-Shotz-1024x683.jpg 1024w, https:\/\/rheinklangwesseling.de\/wp-content\/uploads\/2026\/04\/a-69-Shotz-768x513.jpg 768w, https:\/\/rheinklangwesseling.de\/wp-content\/uploads\/2026\/04\/a-69-Shotz-1536x1025.jpg 1536w, https:\/\/rheinklangwesseling.de\/wp-content\/uploads\/2026\/04\/a-69-Shotz-2048x1367.jpg 2048w\" sizes=\"auto, (max-width: 767px) 89vw, (max-width: 1000px) 54vw, (max-width: 1071px) 543px, 580px\" \/><\/figure>\n\n\n\n<p><strong>69 SHOTZ<\/strong> aus Kerpen FEUERN im B\u00fchnenprogramm an der Rheintreppe ab &#8211; Cover-Rock der Extraklasse! Die sechsk\u00f6pfige Rock-Maschine bringt alles mit, was die Gem\u00fcter in Wallung bringt: knallharte Klassiker von Green Day \u00fcber Bon Jovi, Linkin Park bis Foo Fighters \u2013 plus die gro\u00dfen Party-Hymnen, die keinen mehr still stehen l\u00e4sst. Pure Energie. Zero Ausreden. 100% straight Rock.<\/p>\n\n\n\n<p>Wenn Ian und Daniel an der Gitarre loslegen, Kevin und Sascha mit Bass bzw. Drums die Grooves legen, Tommy in die Tasten haut und Oli das Ding mit seiner einzigartigen Stimme anf\u00fchrt, gibt&#8217;s nur noch eins: Mitgr\u00f6len, Mitspringen, Mitfeiern!<\/p>\n\n\n\n<p>Weitere Informationen:<br><a href=\"https:\/\/www.69shotz.com\/\">https:\/\/www.69shotz.com\/<\/a><br><a href=\"https:\/\/www.facebook.com\/real69Shotz\">https:\/\/www.facebook.com\/real69Shotz<\/a><br><a href=\"https:\/\/www.instagram.com\/69_shotz\/\">https:\/\/www.instagram.com\/69_shotz\/<\/a><br><a href=\"https:\/\/www.youtube.com\/@69shotz89\">https:\/\/www.youtube.com\/@69shotz89<\/a><\/p>\n\n\n\n<p class=\"has-text-align-center\"><strong>SoulCake &#8211; 18:45 Uhr<\/strong><\/p>\n\n\n\n<figure class=\"wp-block-image size-full\"><img loading=\"lazy\" decoding=\"async\" width=\"1282\" height=\"1710\" src=\"https:\/\/rheinklangwesseling.de\/wp-content\/uploads\/2026\/04\/SoulCake-Collage.jpg\" alt=\"\" class=\"wp-image-2741\" srcset=\"https:\/\/rheinklangwesseling.de\/wp-content\/uploads\/2026\/04\/SoulCake-Collage.jpg 1282w, https:\/\/rheinklangwesseling.de\/wp-content\/uploads\/2026\/04\/SoulCake-Collage-225x300.jpg 225w, https:\/\/rheinklangwesseling.de\/wp-content\/uploads\/2026\/04\/SoulCake-Collage-768x1024.jpg 768w, https:\/\/rheinklangwesseling.de\/wp-content\/uploads\/2026\/04\/SoulCake-Collage-1152x1536.jpg 1152w\" sizes=\"auto, (max-width: 767px) 89vw, (max-width: 1000px) 54vw, (max-width: 1071px) 543px, 580px\" \/><\/figure>\n\n\n\n<p>Die 12-k\u00f6pfige Bonner Band <strong>SoulCake<\/strong> schafft mit ihrem kraftvollen Sound und viel Leidenschaft f\u00fcr die Musik eine mitrei\u00dfende Konzertatmosph\u00e4re. Energiegeladene Bl\u00e4sers\u00e4tze, mehrstimmiger Gesang, funky Keys, knackige Instrumental-Soli und groovige Beats inspirieren das Publikum zum Tanzen und Feiern.<\/p>\n\n\n\n<p>Das breit gef\u00e4cherte Repertoire reicht von echten Soul- und Funk-Klassikern \u00fcber rockige Perlen bis hin zu gef\u00fchlvollen Pop-Balladen. Die Songs werden durch die Band nicht nur gecovert, sondern SoulCake sorgt mit viel Liebe zum Detail f\u00fcr eine eigene musikalische Handschrift. Dadurch entsteht eine ganz besondere Interpretation von \u00fcber 60 Jahren Musikgeschichte.<\/p>\n\n\n\n<p>Besetzung:<br>Melanie Bernhardt, Vocals<br>Isabel Kolossa, Vocals, Percussion<br>Manuela Price, Vocals<br>Janos Warnusz, Guitar<br>Michael Zschiesche, Trombone<br>Carsten Crede, Bass<br>Daniela Warnusz, Altosax<br>Jochen Dekker, Keys<br>Ferenc Warnusz, Drums<br>Klaus Marwinski, Trumpet<br>J\u00f6rg Lindhorst, Guitar<br>Eberhard Schrader, Tenor-Saxophon<\/p>\n\n\n\n<p>Weitere Informationen:<br><a href=\"https:\/\/www.soulcake-band.de\/\">https:\/\/www.soulcake-band.de\/<\/a><br><a href=\"https:\/\/www.facebook.com\/soulcake.bonn\">https:\/\/www.facebook.com\/soulcake.bonn<\/a><br><a href=\"https:\/\/www.instagram.com\/soulcake.band\">https:\/\/www.instagram.com\/soulcake.band<\/a><\/p>\n\n\n\n<p class=\"has-text-align-center\"><strong>Donatella Bagpiper &#8211; 20:15 Uhr<\/strong><\/p>\n\n\n\n<figure class=\"wp-block-image size-full\"><img loading=\"lazy\" decoding=\"async\" width=\"1707\" height=\"2560\" src=\"https:\/\/rheinklangwesseling.de\/wp-content\/uploads\/2026\/04\/Donatella-Hanna-Styrie-scaled.jpg\" alt=\"\" class=\"wp-image-2742\" srcset=\"https:\/\/rheinklangwesseling.de\/wp-content\/uploads\/2026\/04\/Donatella-Hanna-Styrie-scaled.jpg 1707w, https:\/\/rheinklangwesseling.de\/wp-content\/uploads\/2026\/04\/Donatella-Hanna-Styrie-200x300.jpg 200w, https:\/\/rheinklangwesseling.de\/wp-content\/uploads\/2026\/04\/Donatella-Hanna-Styrie-683x1024.jpg 683w, https:\/\/rheinklangwesseling.de\/wp-content\/uploads\/2026\/04\/Donatella-Hanna-Styrie-768x1152.jpg 768w, https:\/\/rheinklangwesseling.de\/wp-content\/uploads\/2026\/04\/Donatella-Hanna-Styrie-1024x1536.jpg 1024w, https:\/\/rheinklangwesseling.de\/wp-content\/uploads\/2026\/04\/Donatella-Hanna-Styrie-1365x2048.jpg 1365w\" sizes=\"auto, (max-width: 767px) 89vw, (max-width: 1000px) 54vw, (max-width: 1071px) 543px, 580px\" \/><\/figure>\n\n\n\n<p>Foto: Hanna Styrie<\/p>\n\n\n\n<p><strong>Donatella Bagpiper <\/strong>steht f\u00fcr eine ebenso ungew\u00f6hnliche wie mitrei\u00dfende musikalische Reise: Die Italienerin entdeckte ihre Leidenschaft f\u00fcr den schottischen Dudelsack erst vor wenigen Jahren \u2013 und entwickelte daraus mit beeindruckender Konsequenz ein eigenst\u00e4ndiges k\u00fcnstlerisches Profil. Ausgebildet unter anderem bei erfahrenen Pipe-Band-Musikern und internationalen Dozenten, verbindet sie technisches K\u00f6nnen mit sp\u00fcrbarer Spielfreude und einer gro\u00dfen stilistischen Offenheit.<\/p>\n\n\n\n<p>Ihr Repertoire reicht von traditionellen schottischen Tunes bis hin zu Pop-Hits, k\u00f6lschen Liedern und festlichen Klassikern \u2013 stets angepasst an Anlass und Publikum. Neben Auftritten im Ensemble und bei Events verschiedenster Art ist sie auch als Solistin pr\u00e4sent, etwa als Stra\u00dfenmusikerin in Br\u00fchl.<\/p>\n\n\n\n<p>Charakteristisch f\u00fcr Donatella Bagpiper ist ihre Lust am Experiment: Kooperationen mit Musikern unterschiedlichster Genres, spontane Auftritte in ungew\u00f6hnlichen Kontexten und die Idee, den Dudelsack auch in neue musikalische R\u00e4ume \u2013 bis hin zu Rock und Metal \u2013 zu f\u00fchren, pr\u00e4gen ihr k\u00fcnstlerisches Selbstverst\u00e4ndnis. Auch visuell setzt sie Akzente und variiert zwischen klassischer Pipe-Band-Tradition und kreativen, individuellen B\u00fchnenoutfits.<\/p>\n\n\n\n<p>Weitere Informationen:<br><a href=\"https:\/\/donatella-bagpiper.kunstco.de\/\">https:\/\/donatella-bagpiper.kunstco.de\/<\/a><br><a href=\"https:\/\/www.youtube.com\/@donatellabagpiper\">https:\/\/www.youtube.com\/@donatellabagpiper<\/a><br><a href=\"https:\/\/bsky.app\/profile\/donatella-bagpiper.bsky.social\">https:\/\/bsky.app\/profile\/donatella-bagpiper.bsky.social<\/a><br><a href=\"https:\/\/www.facebook.com\/people\/Donatella-Bagpiper\/61561703728266\/ \">https:\/\/www.facebook.com\/people\/Donatella-Bagpiper\/61561703728266\/ <\/a>(nur als Archiv)<\/p>\n\n\n\n<p class=\"has-text-align-center\"><strong>Guns n&#8216; Poses &#8211; 20:45 Uhr<\/strong><\/p>\n\n\n\n<figure class=\"wp-block-image size-full\"><img loading=\"lazy\" decoding=\"async\" width=\"1196\" height=\"896\" src=\"https:\/\/rheinklangwesseling.de\/wp-content\/uploads\/2026\/04\/Guns-n-Poses.png\" alt=\"\" class=\"wp-image-2744\" srcset=\"https:\/\/rheinklangwesseling.de\/wp-content\/uploads\/2026\/04\/Guns-n-Poses.png 1196w, https:\/\/rheinklangwesseling.de\/wp-content\/uploads\/2026\/04\/Guns-n-Poses-300x225.png 300w, https:\/\/rheinklangwesseling.de\/wp-content\/uploads\/2026\/04\/Guns-n-Poses-1024x767.png 1024w, https:\/\/rheinklangwesseling.de\/wp-content\/uploads\/2026\/04\/Guns-n-Poses-768x575.png 768w\" sizes=\"auto, (max-width: 767px) 89vw, (max-width: 1000px) 54vw, (max-width: 1071px) 543px, 580px\" \/><\/figure>\n\n\n\n<p>Die Rock-Giganten Guns n&#8216; Roses sind sp\u00e4testens seit ihrer &#8222;Not in this Lifetime&#8220;-Tour ab 2016 sowie der vorher erfolgten Reunion von Axl Rose, Slash und Duff McKagan gr\u00f6\u00dfer als je zuvor. Die unsterblichen Hymnen wie &#8222;Sweet Child o&#8216; Mine&#8220;, &#8222;Paradise City&#8220; oder &#8222;Welcome To The Jungle&#8220; begeistern die Fans und erzeugen seit \u00fcber 35 Jahren G\u00e4nsehaut bei Millionen Anh\u00e4ngern.<br>Anfang 2023 entschlossen sich f\u00fcnf in Dormagen probende Musiker, den Gunners musikalisch Tribut zu zollen und gr\u00fcndeten &#8222;<strong>Guns n&#8216; Poses<\/strong>&#8222;. Im Fr\u00fchjahr 2024 ging es live auf die B\u00fchnen und bisher konnte man auf angesagten Veranstaltungen die B\u00fchne in Grund und Boden rocken.<br>Das Line-up besteht aus Bobby T. (Vocals), Stephan Georg S. (Gitarre), Stephan S. (Bass), Linda S. (Vocals\/Background) und Tobi G. (Keyboards), Michael S. (Drums) und Jeff V. (Gitarre).<br>Taucht ein in die Welt von Guns n&#8216; Poses, erlebt eine fesselnde Live-Show einer Tribute Band, die die Vibes der Originalband authentisch und dreckig r\u00fcberbringt!<\/p>\n\n\n\n<p>Weitere Informationen:<br><a href=\"https:\/\/www.facebook.com\/femalefrontedguns\/\">https:\/\/www.facebook.com\/femalefrontedguns\/<\/a><br><a href=\"https:\/\/www.instagram.com\/gnp_2023\/\">https:\/\/www.instagram.com\/gnp_2023\/<\/a><br><a href=\"https:\/\/www.youtube.com\/@GunsnPoses-GNR-Tribute-pp8ih\">https:\/\/www.youtube.com\/@GunsnPoses-GNR-Tribute-pp8ih<\/a><\/p>\n\n\n\n<p class=\"has-text-align-center has-medium-font-size\"><strong>Kinderprogramm &#8211; ab 15 Uhr<\/strong><\/p>\n\n\n\n<p class=\"has-text-align-center has-small-font-size\">Ruthmanns Wiese (N\u00e4he K\u00f6lner Stra\u00dfe 4)<\/p>\n\n\n\n<figure class=\"wp-block-image size-large\"><img loading=\"lazy\" decoding=\"async\" width=\"1024\" height=\"480\" src=\"https:\/\/rheinklangwesseling.de\/wp-content\/uploads\/2026\/04\/0-Kinderprogramm-Collage-1024x480.jpg\" alt=\"\" class=\"wp-image-2726\" srcset=\"https:\/\/rheinklangwesseling.de\/wp-content\/uploads\/2026\/04\/0-Kinderprogramm-Collage-1024x480.jpg 1024w, https:\/\/rheinklangwesseling.de\/wp-content\/uploads\/2026\/04\/0-Kinderprogramm-Collage-300x141.jpg 300w, https:\/\/rheinklangwesseling.de\/wp-content\/uploads\/2026\/04\/0-Kinderprogramm-Collage-768x360.jpg 768w, https:\/\/rheinklangwesseling.de\/wp-content\/uploads\/2026\/04\/0-Kinderprogramm-Collage-1536x720.jpg 1536w, https:\/\/rheinklangwesseling.de\/wp-content\/uploads\/2026\/04\/0-Kinderprogramm-Collage-2048x961.jpg 2048w\" sizes=\"auto, (max-width: 767px) 89vw, (max-width: 1000px) 54vw, (max-width: 1071px) 543px, 580px\" \/><\/figure>\n\n\n\n<p>Fotos: Anita Brandtst\u00e4ter<\/p>\n\n\n\n<p>Auf Ruttmanns Wiese oberhalb der Rheintreppe, wo das B\u00fchnenprogramm l\u00e4uft, bieten wir am Samstagnachmittag wieder ab 15 Uhr ein Kinderprogramm an.<\/p>\n\n\n\n<p>Es gibt in Kooperation mit Play on Demand, ein Angebot des Sport- &amp; Gesundheitszentrums Wesseling, H\u00fcpfburgen f\u00fcr Kleinere und Gr\u00f6\u00dfere.<\/p>\n\n\n\n<p>Au\u00dferdem k\u00f6nnen sich unsere kleinen Besucherinnen und Besucher schminken lassen.<\/p>\n\n\n\n<p>Diese Veranstaltung kann nur stattfinden, wenn es das Wetter zul\u00e4sst.<\/p>\n\n\n\n<p class=\"has-text-align-center has-medium-font-size\"><strong>CBT Wohnhaus St. Lucia &#8211; 15:30 Uhr<\/strong><\/p>\n\n\n\n<p class=\"has-text-align-center has-small-font-size\">Pontivystra\u00dfe 10<\/p>\n\n\n\n<p class=\"has-text-align-center\"><strong>Mitsingkonzert<\/strong><\/p>\n\n\n\n<figure class=\"wp-block-image size-full\"><img loading=\"lazy\" decoding=\"async\" width=\"2560\" height=\"1581\" src=\"https:\/\/rheinklangwesseling.de\/wp-content\/uploads\/2026\/04\/CBT-Wolfgang-Mrziglod-2024-scaled.jpg\" alt=\"\" class=\"wp-image-2745\" srcset=\"https:\/\/rheinklangwesseling.de\/wp-content\/uploads\/2026\/04\/CBT-Wolfgang-Mrziglod-2024-scaled.jpg 2560w, https:\/\/rheinklangwesseling.de\/wp-content\/uploads\/2026\/04\/CBT-Wolfgang-Mrziglod-2024-300x185.jpg 300w, https:\/\/rheinklangwesseling.de\/wp-content\/uploads\/2026\/04\/CBT-Wolfgang-Mrziglod-2024-1024x632.jpg 1024w, https:\/\/rheinklangwesseling.de\/wp-content\/uploads\/2026\/04\/CBT-Wolfgang-Mrziglod-2024-768x474.jpg 768w, https:\/\/rheinklangwesseling.de\/wp-content\/uploads\/2026\/04\/CBT-Wolfgang-Mrziglod-2024-1536x948.jpg 1536w, https:\/\/rheinklangwesseling.de\/wp-content\/uploads\/2026\/04\/CBT-Wolfgang-Mrziglod-2024-2048x1265.jpg 2048w\" sizes=\"auto, (max-width: 767px) 89vw, (max-width: 1000px) 54vw, (max-width: 1071px) 543px, 580px\" \/><\/figure>\n\n\n\n<p>Foto: Wolfgang Mrziglod<\/p>\n\n\n\n<p>Schon eine lange Tradition hat das Mitsingkonzert im Rahmen des Wesselinger Musikfestivals. Dieses Jahr ist es wieder am Samstag um 15:30 Uhr vor dem oder im CBT Wohnhaus St. Lucia.<\/p>\n\n\n\n<p>Mit diesem Angebot unter dem Motto &#8222;Sing mit &#8211; Singen kennt kein Alter&#8220; wird Musikfreundinnen und -freunden die Gelegenheit gegeben, selbst mitzumachen. Alle Altersgruppen sind dabei angesprochen.<\/p>\n\n\n\n<p>Besetzung<br>Ludger Strobel, Gitarre, Gesang, Leitung<br>Heike Schr\u00f6ter, Bass<br>Anita Brandtst\u00e4ter, Akkordeon<br>G\u00fcnter Mauel, Gitarre, Gesang<br>Olek Gelba, Schlagzeug<br>Jenni Grommes, Gesang<br>Gabi Meisen, Gesang<br>Erich Hermans, Gesang<\/p>\n\n\n\n<p>Organisiert wird der Nachmittag vom Musikforum Wesseling. Ansprechpartner f\u00fcr Noten und Texte ist Ludger Strobel. Kontakt: <a href=\"mailto:ludger_strobel@web.de\">ludger_strobel@web.de<\/a><\/p>\n\n\n\n<p>Weitere Informationen:<br><strong>http:\/\/www.eichholzer-schlosskonzerte.de\/html\/musikforum.html<\/strong><br><strong>https:\/\/www.cbt-gmbh.de\/cbt-haeuser\/st-lucia\/hausportrait.html<\/strong><\/p>\n\n\n\n<p>Eintritt frei.<\/p>\n\n\n\n<p class=\"has-text-align-center has-medium-font-size\"><strong>Mines Spatzentreff &#8211; ab 16 Uhr<\/strong><\/p>\n\n\n\n<p class=\"has-text-align-center has-small-font-size\">K\u00f6lnstra\u00dfe 1<\/p>\n\n\n\n<p>In Mines Spatzentreff gibt es am 20. Juni ab 16 Uhr gleich zwei Konzerte &#8211; zun\u00e4chst mit <strong>Celtic Fire<\/strong> und ab 18 Uhr mit dem Singer-Songwriter <strong>Joe Bennick.<\/strong> Beide Konzerte werden als Benefizkonzerte veranstaltet. Der gute Zweck wird vom St\u00e4dtischen Beratungszentrum \u00c4lterwerden, Behinderung und Rente bestimmt.<\/p>\n\n\n\n<p class=\"has-text-align-center has-medium-font-size\"><strong>Celtic Fire &#8211; 16 Uhr<\/strong><\/p>\n\n\n\n<figure class=\"wp-block-image size-full\"><img loading=\"lazy\" decoding=\"async\" width=\"2560\" height=\"1707\" src=\"https:\/\/rheinklangwesseling.de\/wp-content\/uploads\/2026\/04\/CelticFire-Bewegende-Momente-Fotografie-Bruehl-scaled.jpg\" alt=\"\" class=\"wp-image-2746\" srcset=\"https:\/\/rheinklangwesseling.de\/wp-content\/uploads\/2026\/04\/CelticFire-Bewegende-Momente-Fotografie-Bruehl-scaled.jpg 2560w, https:\/\/rheinklangwesseling.de\/wp-content\/uploads\/2026\/04\/CelticFire-Bewegende-Momente-Fotografie-Bruehl-300x200.jpg 300w, https:\/\/rheinklangwesseling.de\/wp-content\/uploads\/2026\/04\/CelticFire-Bewegende-Momente-Fotografie-Bruehl-1024x683.jpg 1024w, https:\/\/rheinklangwesseling.de\/wp-content\/uploads\/2026\/04\/CelticFire-Bewegende-Momente-Fotografie-Bruehl-768x512.jpg 768w, https:\/\/rheinklangwesseling.de\/wp-content\/uploads\/2026\/04\/CelticFire-Bewegende-Momente-Fotografie-Bruehl-1536x1024.jpg 1536w, https:\/\/rheinklangwesseling.de\/wp-content\/uploads\/2026\/04\/CelticFire-Bewegende-Momente-Fotografie-Bruehl-2048x1365.jpg 2048w\" sizes=\"auto, (max-width: 767px) 89vw, (max-width: 1000px) 54vw, (max-width: 1071px) 543px, 580px\" \/><\/figure>\n\n\n\n<p>Foto: Bewegende Momente Fotografie Br\u00fchl<\/p>\n\n\n\n<p><strong>Celtic Fire <\/strong>entstand aus einer spontanen Idee von Hartmut Dick \u2013 und entwickelte schnell Eigendynamik: \u00dcber die Geigenlehrerin seiner Tochter kam Doro Schmitz zur Band, die ihren Mann Josef Schmitz gleich mitbrachte. Mit Akkordeon und Gesang war der Sound komplett, ein Drummer kam dazu \u2013 und kurz darauf erg\u00e4nzte Ralf Droll am Bass die Formation.<\/p>\n\n\n\n<p>Seit ihrem ersten Auftritt 2018 haben sich Celtic Fire fest in der regionalen Musikszene etabliert. Ob bei Kneipenfestivals, im Br\u00fchler \u201eSeasons\u201c oder bei weiteren Events: Die Band steht f\u00fcr mitrei\u00dfende Live-Musik und beste Stimmung. Sogar musikalische \u201eFortbildungsreisen\u201c nach Irland geh\u00f6ren inzwischen zur Bandgeschichte.<\/p>\n\n\n\n<p>Ihr Repertoire ist eine energiegeladene Mischung aus irischen Klassikern und eigenen Interpretationen: Songs wie \u201eGalway Girl\u201c, \u201eMolly Malone\u201c, \u201eThe Irish Rover\u201c oder \u201eWhiskey in the Jar\u201c treffen auf moderne Einfl\u00fcsse und genre\u00fcbergreifende Ausfl\u00fcge \u2013 stets mit viel Spielfreude und Herzblut pr\u00e4sentiert.<\/p>\n\n\n\n<p>Celtic Fire ist \u00fcberall zu Hause, wo gute Musik gefragt ist \u2013 von Wohnzimmerkonzerten \u00fcber Festivals bis hin zu privaten Feiern. Auch in Wesseling haben sie sich bereits eine treue Fangemeinde in mehreren Wohnzimmerkonzerten und beim 13. RheinKlang 669 Festival erspielt und sorgen garantiert wieder f\u00fcr ausgelassene Stimmung.<\/p>\n\n\n\n<p>Die Besetzung: Ralf Droll am Bass, Fu\u00dftrommel, Mandoline, Mundharmonika und mit backing Vocals, Hartmut Dick an der Gitarre und Irish Bouzouki, Doro Schmitz mit Fiddle, Gesang, Bodhran und Tin Whistle sowie Leads\u00e4nger Josef Schmitz am Akkordeon.<\/p>\n\n\n\n<p>Weitere Informationen: <\/p>\n\n\n\n<p><a href=\"https:\/\/www.facebook.com\/celticfirebruehl\">https:\/\/www.facebook.com\/celticfirebruehl<\/a><\/p>\n\n\n\n<p class=\"has-text-align-center has-medium-font-size\"><strong>Joe Bennick &#8211; 18 Uhr<\/strong><\/p>\n\n\n\n<figure class=\"wp-block-image size-full is-resized\"><img loading=\"lazy\" decoding=\"async\" width=\"1707\" height=\"2560\" src=\"https:\/\/rheinklangwesseling.de\/wp-content\/uploads\/2026\/04\/Joe-Bennick-Picture-Portrait-5-scaled.jpg\" alt=\"\" class=\"wp-image-2747\" style=\"width:674px;height:auto\" srcset=\"https:\/\/rheinklangwesseling.de\/wp-content\/uploads\/2026\/04\/Joe-Bennick-Picture-Portrait-5-scaled.jpg 1707w, https:\/\/rheinklangwesseling.de\/wp-content\/uploads\/2026\/04\/Joe-Bennick-Picture-Portrait-5-200x300.jpg 200w, https:\/\/rheinklangwesseling.de\/wp-content\/uploads\/2026\/04\/Joe-Bennick-Picture-Portrait-5-683x1024.jpg 683w, https:\/\/rheinklangwesseling.de\/wp-content\/uploads\/2026\/04\/Joe-Bennick-Picture-Portrait-5-768x1152.jpg 768w, https:\/\/rheinklangwesseling.de\/wp-content\/uploads\/2026\/04\/Joe-Bennick-Picture-Portrait-5-1024x1536.jpg 1024w, https:\/\/rheinklangwesseling.de\/wp-content\/uploads\/2026\/04\/Joe-Bennick-Picture-Portrait-5-1366x2048.jpg 1366w\" sizes=\"auto, (max-width: 767px) 89vw, (max-width: 1000px) 54vw, (max-width: 1071px) 543px, 580px\" \/><\/figure>\n\n\n\n<p>Joe Bennick geh\u00f6rt zu den Singer-Songwritern, die ihre Kunst nicht nur \u00fcber Melodien, sondern ebenso \u00fcber Sprache definieren. Zwischen Acoustic-Indie und Folkpop verortet, verbindet er atmosph\u00e4rische Klangfarben mit erz\u00e4hlerischer Tiefe und einer ruhigen, reflektierten B\u00fchnenpers\u00f6nlichkeit.<\/p>\n\n\n\n<p>Mit \u201epassages\u201c hat Joe Bennick gerade ein Album ver\u00f6ffentlicht, welches seine beiden k\u00fcnstlerischen S\u00e4ulen, Musik und Literatur, in einem au\u00dfergew\u00f6hnlichen Konzept zusammenf\u00fchrt. Die Songs stammen aus zwei seiner wichtigsten Programme: dem Lesekonzert zu seinem Roman &#8222;Erlensee&#8220; und dem generations\u00fcbergreifenden Projekt \u201eBennick trifft Bartning \u2013 Raum trifft Musik\u201c, in dem er sich mit dem Leben und Wirken seines Urgro\u00dfvaters, des Architekten Otto Bartning, auseinandersetzt.<\/p>\n\n\n\n<p>In &#8222;Erlensee&#8220; vertonen die Songs Schl\u00fcsselmomente der Vater-Sohn-Geschichte. Die Songs von &#8222;Bennick trifft Bartning&#8220; basieren auf den Reisetageb\u00fcchern, biografischen Stationen und Gedichten seines Urgro\u00dfvaters. Sprache, Klang und Geschichte werden zu einem zusammenh\u00e4ngenden k\u00fcnstlerischen Raum geformt.<\/p>\n\n\n\n<p>Weitere Informationen:<br><a href=\"https:\/\/www.joebennick.com\/\">https:\/\/www.joebennick.com\/<\/a><br><a href=\"https:\/\/www.facebook.com\/JoeBennickMusic\/\">https:\/\/www.facebook.com\/JoeBennickMusic\/<\/a><br><a href=\"https:\/\/www.instagram.com\/joebennick\/\">https:\/\/www.instagram.com\/joebennick\/<\/a><br><a href=\"https:\/\/www.youtube.com\/channel\/UC123XYodYL5X9z0gt8uQQxg\">https:\/\/www.youtube.com\/channel\/UC123XYodYL5X9z0gt8uQQxg<\/a><\/p>\n\n\n\n<p class=\"has-text-align-center has-medium-font-size\"><strong>Tendur<\/strong> <strong>Restaurant<\/strong> <strong>&#8211; 16 Uhr<\/strong><\/p>\n\n\n\n<p class=\"has-text-align-center has-small-font-size\">Flach-Fengler-Stra\u00dfe 78-80<\/p>\n\n\n\n<p class=\"has-text-align-left\">Im Tendur Restaurant Wesseling gibt am Samstag um 16 Uhr das Duo <strong>2M<\/strong> &#8211; das sind mAT und Mac &#8211; ein Konzert.<\/p>\n\n\n\n<p class=\"has-text-align-center has-medium-font-size\"><strong>2M &#8211; 16 Uhr<\/strong><\/p>\n\n\n\n<figure class=\"wp-block-image size-full is-resized\"><img loading=\"lazy\" decoding=\"async\" width=\"2560\" height=\"1922\" src=\"https:\/\/rheinklangwesseling.de\/wp-content\/uploads\/2026\/04\/a-2M-Anita-Brandtstaeter-P2060182-scaled.jpg\" alt=\"\" class=\"wp-image-2748\" style=\"width:674px;height:auto\" srcset=\"https:\/\/rheinklangwesseling.de\/wp-content\/uploads\/2026\/04\/a-2M-Anita-Brandtstaeter-P2060182-scaled.jpg 2560w, https:\/\/rheinklangwesseling.de\/wp-content\/uploads\/2026\/04\/a-2M-Anita-Brandtstaeter-P2060182-300x225.jpg 300w, https:\/\/rheinklangwesseling.de\/wp-content\/uploads\/2026\/04\/a-2M-Anita-Brandtstaeter-P2060182-1024x769.jpg 1024w, https:\/\/rheinklangwesseling.de\/wp-content\/uploads\/2026\/04\/a-2M-Anita-Brandtstaeter-P2060182-768x577.jpg 768w, https:\/\/rheinklangwesseling.de\/wp-content\/uploads\/2026\/04\/a-2M-Anita-Brandtstaeter-P2060182-1536x1153.jpg 1536w, https:\/\/rheinklangwesseling.de\/wp-content\/uploads\/2026\/04\/a-2M-Anita-Brandtstaeter-P2060182-2048x1538.jpg 2048w\" sizes=\"auto, (max-width: 767px) 89vw, (max-width: 1000px) 54vw, (max-width: 1071px) 543px, 580px\" \/><\/figure>\n\n\n\n<p>Foto: Anita Brandtst\u00e4ter<\/p>\n\n\n\n<p>Die Musikformation <strong>2M<\/strong> besteht aus zwei Musikern \u2013 mAT und Mac. Beide sind aus der MaKeHJa-Intercity Studio-Band in Wesseling von einigen Wohnzimmerkonzerten her bekannt. mAT spielt Gitarre und singt, w\u00e4hrend Mac f\u00fcr Perkussion und Backing Vocals verantwortlich ist. Die instrumentale Vielfalt der Band wird durch Playbacks erweitert, die aus mATs eigenen Aufnahmen bestehen. Mit Hilfe moderner Technik und den M\u00f6glichkeiten des Computers spielt er alle zus\u00e4tzlichen Musikinstrumente selbst ein.<\/p>\n\n\n\n<p>Der Musikstil des Duos l\u00e4sst sich am besten als Blues und Rock &#8217;n&#8216; Roll beschreiben. Sie spielen \u00fcberwiegend Songs von J.J. Cale, interpretieren dar\u00fcber hinaus jedoch auch eine Auswahl mehr oder weniger bekannter Musikst\u00fccke aus der Blues-, Rock &#8217;n&#8216; Roll- und Jazzszene.<\/p>\n\n\n\n<p>Weitere Informationen:<br><a href=\"https:\/\/2m.artineo.de\/\">https:\/\/2m.artineo.de\/<\/a><\/p>\n\n\n\n<p class=\"has-text-align-center has-medium-font-size\"><strong>Bar ChezSam &#8211; ab 18 Uhr<\/strong><\/p>\n\n\n\n<p class=\"has-text-align-center has-small-font-size\">Flach-Fengler-Stra\u00dfe 78-80<\/p>\n\n\n\n<p>In der Bar ChezSam gibt es am 20. Juni ab 18 Uhr gleich zwei Konzerte &#8211; zun\u00e4chst mit der Band <strong>Blind Summit<\/strong> und ab 20 Uhr Uhr mit <strong>Marsbeat<\/strong>.<\/p>\n\n\n\n<p class=\"has-text-align-center\"><strong>Blind Summit &#8211; 18 Uhr<\/strong><\/p>\n\n\n\n<figure class=\"wp-block-image size-full is-resized\"><img loading=\"lazy\" decoding=\"async\" width=\"2560\" height=\"1439\" src=\"https:\/\/rheinklangwesseling.de\/wp-content\/uploads\/2026\/04\/Blind-Summit-scaled.jpg\" alt=\"\" class=\"wp-image-2749\" style=\"width:674px\" srcset=\"https:\/\/rheinklangwesseling.de\/wp-content\/uploads\/2026\/04\/Blind-Summit-scaled.jpg 2560w, https:\/\/rheinklangwesseling.de\/wp-content\/uploads\/2026\/04\/Blind-Summit-300x169.jpg 300w, https:\/\/rheinklangwesseling.de\/wp-content\/uploads\/2026\/04\/Blind-Summit-1024x576.jpg 1024w, https:\/\/rheinklangwesseling.de\/wp-content\/uploads\/2026\/04\/Blind-Summit-768x432.jpg 768w, https:\/\/rheinklangwesseling.de\/wp-content\/uploads\/2026\/04\/Blind-Summit-1536x863.jpg 1536w, https:\/\/rheinklangwesseling.de\/wp-content\/uploads\/2026\/04\/Blind-Summit-2048x1151.jpg 2048w\" sizes=\"auto, (max-width: 767px) 89vw, (max-width: 1000px) 54vw, (max-width: 1071px) 543px, 580px\" \/><\/figure>\n\n\n\n<p><strong>Blind Summit<\/strong> steht f\u00fcr mitrei\u00dfende Live-Shows, beste Stimmung und eine Setlist voller Lieblingslieder, Klassiker und Kult-Hits \u2013 von gef\u00fchlvollen Balladen bis zu kraftvollen Rocksongs. Die Band lebt die N\u00e4he zum Publikum: Mitsingen, Mittanzen und ausgelassenes Feiern sind ausdr\u00fccklich erw\u00fcnscht. Ihre Musik geht durch den Bauch und trifft mitten ins Herz.<\/p>\n\n\n\n<p>S\u00e4nger und Gr\u00fcnder Martin pr\u00e4gt Blind Summit mit seiner markanten Stimme, gro\u00dfer B\u00fchnenpr\u00e4senz und direktem Draht zum Publikum. Manuela erg\u00e4nzt die stimmliche Front mit Ausdruck, Power und Gef\u00fchl. Ob als starke Leadstimme oder im harmonischen Duett, sie verleiht den Songs emotionale Tiefe. An den Gitarren sorgen Arno und Wolfgang f\u00fcr Druck und Dynamik \u2013 rhythmisch pr\u00e4zise, solistisch ausdrucksstark und im st\u00e4ndigen musikalischen Wechselspiel. Holger liefert am Bass die sp\u00fcrbaren Tiefen und verbindet Groove und Melodie zu einem kraftvollen Fundament. Karl-Heinz gibt am Schlagzeug das Tempo vor, unterst\u00fctzt mit Backing Vocals. Stefan bereichert am Keyboard den Sound der Band mit zahlreichen Nuancen und gl\u00e4nzt durch pr\u00e4zise Backing Vocals. F\u00fcr den perfekten Klang, das passende Licht und gelegentliche Nebelschwaden sorgt Fred als Tontechniker.<\/p>\n\n\n\n<p>Weitere Informationen:<br><a href=\"https:\/\/blind-summit.net\/\">https:\/\/blind-summit.net\/<\/a><br><a href=\"https:\/\/www.facebook.com\/blindsummitbonn\">https:\/\/www.facebook.com\/blindsummitbonn<\/a><br><a href=\"https:\/\/www.instagram.com\/blindsummitbonn\/\">https:\/\/www.instagram.com\/blindsummitbonn\/<\/a><\/p>\n\n\n\n<p class=\"has-text-align-center\"><strong>Marsbeat &#8211; 20 Uhr<\/strong><\/p>\n\n\n\n<figure class=\"wp-block-image size-full\"><img loading=\"lazy\" decoding=\"async\" width=\"2487\" height=\"1054\" src=\"https:\/\/rheinklangwesseling.de\/wp-content\/uploads\/2026\/04\/Marsbeat.bmp\" alt=\"\" class=\"wp-image-2750\" srcset=\"https:\/\/rheinklangwesseling.de\/wp-content\/uploads\/2026\/04\/Marsbeat.bmp 2487w, https:\/\/rheinklangwesseling.de\/wp-content\/uploads\/2026\/04\/Marsbeat-300x127.jpg 300w, https:\/\/rheinklangwesseling.de\/wp-content\/uploads\/2026\/04\/Marsbeat-1024x434.jpg 1024w, https:\/\/rheinklangwesseling.de\/wp-content\/uploads\/2026\/04\/Marsbeat-768x325.jpg 768w, https:\/\/rheinklangwesseling.de\/wp-content\/uploads\/2026\/04\/Marsbeat-1536x651.jpg 1536w, https:\/\/rheinklangwesseling.de\/wp-content\/uploads\/2026\/04\/Marsbeat-2048x868.jpg 2048w\" sizes=\"auto, (max-width: 767px) 89vw, (max-width: 1000px) 54vw, (max-width: 1071px) 543px, 580px\" \/><\/figure>\n\n\n\n<p>Die sechsk\u00f6pfige Band <strong>Marsbeat<\/strong> bringt handgemachte Musik und pure Spielfreude live auf die B\u00fchne. Die Musiker verbindet die gemeinsame Leidenschaft f\u00fcr Rock und Pop. So unterschiedlich die musikalischen Vorlieben der einzelnen Bandmitglieder sind, so vielseitig ist das Repertoire von Marsbeat: Von den 1980ern bis in die 2020er reicht die musikalische Zeitreise, auf der sich bekannte Klassiker und \u00fcberraschende Entdeckungen harmonisch vereinen. Einfl\u00fcsse aus Rock, Pop und Alternativ ergeben ein stimmiges Ganzes.<\/p>\n\n\n\n<p>Das Publikum darf sich auf ein abwechslungsreiches Programm freuen, in dem Adele auf die Idles trifft, Blur und Oasis friedlich nebeneinander bestehen und Stadionrock \u00e0 la U2 in perfekter Symbiose mit der Underground-Verve der Blue Stones lebt. \u201eWir spielen Songs, die uns ber\u00fchren \u2013 und die wir lieben, egal aus welcher Zeit sie stammen\u201c, sagt die Band \u00fcber ihr Konzept.<\/p>\n\n\n\n<p>Weitere Informationen:<br><a href=\"https:\/\/www.marsbeat.de\">www.marsbeat.de<\/a><br><a href=\"https:\/\/www.facebook.com\/profile.php?id=61586721815131\">https:\/\/www.facebook.com\/profile.php?id=61586721815131<\/a><\/p>\n\n\n\n<p class=\"has-text-align-center has-medium-font-size\"><strong>Restaurant Kulisse<\/strong> <strong>&#8211; ab 18 Uhr<\/strong><\/p>\n\n\n\n<p class=\"has-text-align-center has-small-font-size\">K\u00f6lner Str. 16<\/p>\n\n\n\n<p>Im Restaurant Kulisse Wesseling gibt es wieder zwei Konzerte: Um 18 Uhr spielt <strong>Space Age Dream <\/strong>nach dem Motto &#8222;Rock! Fertig! Aus!&#8220; Und ab 20 Uhr kommt <strong>TheRockClassiX<\/strong> in Trio-Besetzung &#8211; geballte Rockpower in akustischer Form.<\/p>\n\n\n\n<p class=\"has-text-align-center has-medium-font-size\"><strong>Space Age Dream &#8211; 18 Uhr<\/strong><\/p>\n\n\n\n<figure class=\"wp-block-image size-full is-resized\"><img loading=\"lazy\" decoding=\"async\" width=\"2560\" height=\"1718\" src=\"https:\/\/rheinklangwesseling.de\/wp-content\/uploads\/2026\/04\/Space-Age-Dream-Peter-Kalterherberg-scaled.jpeg\" alt=\"\" class=\"wp-image-2751\" style=\"width:674px\" srcset=\"https:\/\/rheinklangwesseling.de\/wp-content\/uploads\/2026\/04\/Space-Age-Dream-Peter-Kalterherberg-scaled.jpeg 2560w, https:\/\/rheinklangwesseling.de\/wp-content\/uploads\/2026\/04\/Space-Age-Dream-Peter-Kalterherberg-300x201.jpeg 300w, https:\/\/rheinklangwesseling.de\/wp-content\/uploads\/2026\/04\/Space-Age-Dream-Peter-Kalterherberg-1024x687.jpeg 1024w, https:\/\/rheinklangwesseling.de\/wp-content\/uploads\/2026\/04\/Space-Age-Dream-Peter-Kalterherberg-768x515.jpeg 768w, https:\/\/rheinklangwesseling.de\/wp-content\/uploads\/2026\/04\/Space-Age-Dream-Peter-Kalterherberg-1536x1031.jpeg 1536w, https:\/\/rheinklangwesseling.de\/wp-content\/uploads\/2026\/04\/Space-Age-Dream-Peter-Kalterherberg-2048x1374.jpeg 2048w\" sizes=\"auto, (max-width: 767px) 89vw, (max-width: 1000px) 54vw, (max-width: 1071px) 543px, 580px\" \/><\/figure>\n\n\n\n<p>Foto: Peter Kalterherberg<\/p>\n\n\n\n<p class=\"has-text-align-left\"><strong>SPACE AGE DREAM<\/strong> pflegen mit ihrem markanten Sound die lebendige britische und angloamerikanisch gepr\u00e4gte Rockmusik &#8211; ein grundsolider Kontrapunkt zur musikalischen Wegwerfkultur und biertriefenden Schlagerseligkeit.<br>Die Band zelebriert in klassischer Besetzung Bass, Gitarre, Schlagzeug und Gesang puren Rock&#8217;n&#8217;Roll. Die musikalische Geschlossenheit der Band und die markante Stimme der S\u00e4ngerin ergeben eine einzigartige, ehrliche Liveshow. Es wird hard gerockt, geil und laut, Festzelt-Partysound gibt\u2019s woanders.<\/p>\n\n\n\n<p>So come on, let&#8217;s go space truckin&#8216; like a rocket ship on our way to Mars\u2026<\/p>\n\n\n\n<p>Zusammengefunden hat sich die Band an einem 30. Februar nach der Kita, beim gemeinsamen Versuch zweier Jungs, ein Fahrrad als Skateboard zu verwenden. Die zwei wollten damit im Zirkus auftreten, wurden aber versehentlich f\u00fcr einen Kindergeburtstag gebucht. Dort lernten sie eine Kinderschminkerin kennen, die gerade bei der Firma \u201ePaint-a-Rotzl\u00f6ffel\u201c gek\u00fcndigt hatte. Der vierte suchte im Vorgarten seine Katze, fand aber nur eine Gitarre. Einer stand zuf\u00e4llig dabei, als der Gruppe angeboten wurde, auf dem Grillfest des lokalen Fu\u00dfballvereins zu spielen. Da die Elf nur aus vier Personen bestand, ein Ball nicht aufzutreiben war, und sie als W\u00fcrstchendreher \u00fcberqualifiziert und untermotiviert sind, wurde spontan die Gelegenheit f\u00fcr den ersten Auftritt der Bandgeschichte genutzt \u2013 und nun sind sie: SPACE AGE DREAM &#8211; and they play Rock&#8217;n&#8217;Roll\u2026<\/p>\n\n\n\n<p>Die Besetzung:<br>Georg Dohmen: Drums<br>Gudrun Mangel: Lead Vocals<br>Oliver Mangel: Guitar, Vocals<br>Michael M\u00fcller-Bungart: Bass<\/p>\n\n\n\n<p class=\"has-text-align-left\">Weitere Informationen:<br><a href=\"https:\/\/www.facebook.com\/SpaceAgeDreamBand\">https:\/\/www.facebook.com\/SpaceAgeDreamBand<\/a><\/p>\n\n\n\n<p class=\"has-text-align-center has-medium-font-size\"><strong>The RockClassix &#8211; 20 Uhr<\/strong><\/p>\n\n\n\n<figure class=\"wp-block-image size-full is-resized\"><img loading=\"lazy\" decoding=\"async\" width=\"1286\" height=\"900\" src=\"https:\/\/rheinklangwesseling.de\/wp-content\/uploads\/2026\/04\/TheRockClassiX.png\" alt=\"\" class=\"wp-image-2752\" style=\"width:674px;height:auto\" srcset=\"https:\/\/rheinklangwesseling.de\/wp-content\/uploads\/2026\/04\/TheRockClassiX.png 1286w, https:\/\/rheinklangwesseling.de\/wp-content\/uploads\/2026\/04\/TheRockClassiX-300x210.png 300w, https:\/\/rheinklangwesseling.de\/wp-content\/uploads\/2026\/04\/TheRockClassiX-1024x717.png 1024w, https:\/\/rheinklangwesseling.de\/wp-content\/uploads\/2026\/04\/TheRockClassiX-768x537.png 768w\" sizes=\"auto, (max-width: 767px) 89vw, (max-width: 1000px) 54vw, (max-width: 1071px) 543px, 580px\" \/><\/figure>\n\n\n\n<p>S\u00e4ngerin und Musiker stehen f\u00fcr anspruchsvolle Arrangements, Leidenschaft und ganz viel N\u00e4he zum Publikum. Mit Songs von Deep Purple, Led Zeppelin, Billy Idol, The Police, Ozzy Osbourne, Whitesnake, Michael Jackson und vielen mehr versprechen sie ein mitrei\u00dfendes Konzert unter dem Motto \u201eAll You Can Rock!\u201c<\/p>\n\n\n\n<p>Das Trio besteht aus dem Gesangsduo Malika Haberstumpf und Michael Schmitz sowie Gitarrist Winni Gut, die gemeinsam Rock-Klassiker der 1970er\/80er Jahre wie \u201eEye of the Tiger\u201c, \u201eHere I Go Again\u201c, \u201eBaby Love\u201c oder \u201eCrazy Train\u201c auf ganz eigene, akustische Weise interpretieren.<\/p>\n\n\n\n<p>Weitere Informationen:<br><a href=\"https:\/\/www.facebook.com\/profile.php?id=100070648368732\">https:\/\/www.facebook.com\/profile.php?id=100070648368732<\/a><br><a href=\"https:\/\/www.therockclassix.com\/\">https:\/\/www.therockclassix.com\/<\/a><\/p>\n\n\n\n<p class=\"has-text-align-center has-medium-font-size\"><strong>Restaurant &amp; Bar HEDONIST <\/strong> <strong>&#8211; ab 18 Uhr<\/strong><\/p>\n\n\n\n<p class=\"has-text-align-center has-small-font-size\">Cranachstra\u00dfe 75<\/p>\n\n\n\n<p>Im Restaurant Hedonist gibt es zwei Konzerte: Um 18 Uhr spielt die Br\u00fchler <strong>Band Appetite for Acoustic<\/strong>. Und ab 20:15 Uhr kommt das Duo <strong>Tonspende<\/strong>.<\/p>\n\n\n\n<p class=\"has-text-align-center has-medium-font-size\"><strong>Appetite for Acoustic &#8211; 18 Uhr<\/strong><\/p>\n\n\n\n<figure class=\"wp-block-image size-full is-resized\"><img loading=\"lazy\" decoding=\"async\" width=\"2560\" height=\"1922\" src=\"https:\/\/rheinklangwesseling.de\/wp-content\/uploads\/2026\/04\/Appetite-for-Acoustic-Anita-Brandtstaeter-scaled.jpg\" alt=\"\" class=\"wp-image-2753\" style=\"width:674px\" srcset=\"https:\/\/rheinklangwesseling.de\/wp-content\/uploads\/2026\/04\/Appetite-for-Acoustic-Anita-Brandtstaeter-scaled.jpg 2560w, https:\/\/rheinklangwesseling.de\/wp-content\/uploads\/2026\/04\/Appetite-for-Acoustic-Anita-Brandtstaeter-300x225.jpg 300w, https:\/\/rheinklangwesseling.de\/wp-content\/uploads\/2026\/04\/Appetite-for-Acoustic-Anita-Brandtstaeter-1024x769.jpg 1024w, https:\/\/rheinklangwesseling.de\/wp-content\/uploads\/2026\/04\/Appetite-for-Acoustic-Anita-Brandtstaeter-768x577.jpg 768w, https:\/\/rheinklangwesseling.de\/wp-content\/uploads\/2026\/04\/Appetite-for-Acoustic-Anita-Brandtstaeter-1536x1153.jpg 1536w, https:\/\/rheinklangwesseling.de\/wp-content\/uploads\/2026\/04\/Appetite-for-Acoustic-Anita-Brandtstaeter-2048x1538.jpg 2048w\" sizes=\"auto, (max-width: 767px) 89vw, (max-width: 1000px) 54vw, (max-width: 1071px) 543px, 580px\" \/><\/figure>\n\n\n\n<p>Foto: Anita Brandtst\u00e4ter<\/p>\n\n\n\n<p class=\"has-text-align-left\">Erst im Mai 2025 gegr\u00fcndet, hat sich <strong>Appetite for Acoustic <\/strong>mit ihrem unverwechselbaren Stil bereits einen Namen beim Br\u00fchler Kneipenfestival 2025 gemacht. Das Gesangsduo Marion Schmitz und Hardy Kirsch interpretiert bekannte und weniger bekannte Songs auf ganz eigene Weise \u2013 mal gef\u00fchlvoll, mal mitrei\u00dfend, immer authentisch. Unterst\u00fctzt werden die beiden von Gitarrist Gereon Pick und Bassist Guido Zander, die mit klarem Akustiksound und langj\u00e4hriger Banderfahrung den perfekten Rahmen schaffen.<\/p>\n\n\n\n<p>Mit mehrstimmigem Gesang nimmt die Band ihr Publikum nach dem Motto &#8222;Bring Music To Live&#8220; mit auf eine musikalische Reise quer durch Pop, Rock und Soul. \u201eWir wollen Musik machen, die ber\u00fchrt und einfach Spa\u00df macht \u2013 ohne sich in Schubladen zu zw\u00e4ngen\u201c, meint Hardy Kirsch \u00fcber ihr Konzept. Wer neugierig ist auf frische Kl\u00e4nge und eine Band, die gerade erst richtig durchstartet, sollte sich diesen Abend nicht entgehen lassen!<\/p>\n\n\n\n<p class=\"has-text-align-left\">Weitere Informationen:<br><a href=\"https:\/\/www.afa-bruehl.de\">www.afa-bruehl.de<\/a><br><a href=\"https:\/\/www.facebook.com\/profile.php?id=61557064257764\">www.facebook.com\/profile.php?id=61557064257764<\/a><\/p>\n\n\n\n<p class=\"has-text-align-center has-medium-font-size\"><strong>Tonspende &#8211; 20:15 Uhr<\/strong><\/p>\n\n\n\n<figure class=\"wp-block-image size-full is-resized\"><img loading=\"lazy\" decoding=\"async\" width=\"2551\" height=\"2560\" src=\"https:\/\/rheinklangwesseling.de\/wp-content\/uploads\/2026\/04\/Tonspende-scaled.jpeg\" alt=\"\" class=\"wp-image-2754\" style=\"width:674px;height:auto\" srcset=\"https:\/\/rheinklangwesseling.de\/wp-content\/uploads\/2026\/04\/Tonspende-scaled.jpeg 2551w, https:\/\/rheinklangwesseling.de\/wp-content\/uploads\/2026\/04\/Tonspende-300x300.jpeg 300w, https:\/\/rheinklangwesseling.de\/wp-content\/uploads\/2026\/04\/Tonspende-1020x1024.jpeg 1020w, https:\/\/rheinklangwesseling.de\/wp-content\/uploads\/2026\/04\/Tonspende-150x150.jpeg 150w, https:\/\/rheinklangwesseling.de\/wp-content\/uploads\/2026\/04\/Tonspende-768x771.jpeg 768w, https:\/\/rheinklangwesseling.de\/wp-content\/uploads\/2026\/04\/Tonspende-1530x1536.jpeg 1530w, https:\/\/rheinklangwesseling.de\/wp-content\/uploads\/2026\/04\/Tonspende-2041x2048.jpeg 2041w, https:\/\/rheinklangwesseling.de\/wp-content\/uploads\/2026\/04\/Tonspende-100x100.jpeg 100w\" sizes=\"auto, (max-width: 767px) 89vw, (max-width: 1000px) 54vw, (max-width: 1071px) 543px, 580px\" \/><\/figure>\n\n\n\n<p>Das Duo <strong>Tonspende<\/strong> \u2013 das sind Susan Hollender und Arno Labonte &#8211; ist von einigen Konzerten mit Freiraum bzw. Frau Reim in Wesseling schon gut bekannt. Sie machen eigene Musik f\u00fcr Menschen, die das Leben kennen und immer noch lieben. Zwei Seelen, ein Beat. Mitten im Leben wei\u00df man, was man will und was nicht mehr.<\/p>\n\n\n\n<p>Wenn das Leben Geschichten schreibt, dann ist Tonspende der perfekte Erz\u00e4hler. \u00dcber die kleinen Absurdit\u00e4ten des Alltags, \u00fcber die Wendungen des Lebens, \u00fcber Liebe und Schmerz. Aber immer mit Seele, Aufrichtigkeit und gro\u00dfer Neugier auf morgen.<\/p>\n\n\n\n<p>Susans warme und rockige Stimme tr\u00e4gt diese Geschichten, f\u00fcr die Arno mit seiner Gitarre das Fundament baut.<\/p>\n\n\n\n<p>Weitere Informationen:<br><a href=\"https:\/\/www.tonspende.de\">https:\/\/www.tonspende.de<\/a><br><a href=\"https:\/\/www.facebook.com\/tonspende\">https:\/\/www.facebook.com\/tonspende<\/a><br><a href=\"https:\/\/www.youtube.com\/@tonspendebyfreiraum3994\">https:\/\/www.youtube.com\/@tonspendebyfreiraum3994<\/a><\/p>\n\n\n\n<p class=\"has-text-align-center has-medium-font-size\"><strong>Sonnenberg &#8211; ab 18:30 Uhr<\/strong><\/p>\n\n\n\n<p class=\"has-text-align-center has-small-font-size\">Auf dem Sonnenberg 31a<\/p>\n\n\n\n<p>Im Sonnenberg Wesseling gibt es am 20. Juni ab 18:30 Uhr gleich zwei Konzerte &#8211; zun\u00e4chst mit der Band <strong>ToMess<\/strong> und ab 20:15 Uhr mit <strong>Yeah!<\/strong>.<\/p>\n\n\n\n<p class=\"has-text-align-center has-medium-font-size\"><strong>ToMess &#8211; 18:30 Uhr<\/strong><\/p>\n\n\n\n<figure class=\"wp-block-image size-full is-resized\"><img loading=\"lazy\" decoding=\"async\" width=\"2560\" height=\"1707\" src=\"https:\/\/rheinklangwesseling.de\/wp-content\/uploads\/2026\/04\/ToMess-20250125_4716-scaled.jpg\" alt=\"\" class=\"wp-image-2755\" style=\"width:674px\" srcset=\"https:\/\/rheinklangwesseling.de\/wp-content\/uploads\/2026\/04\/ToMess-20250125_4716-scaled.jpg 2560w, https:\/\/rheinklangwesseling.de\/wp-content\/uploads\/2026\/04\/ToMess-20250125_4716-300x200.jpg 300w, https:\/\/rheinklangwesseling.de\/wp-content\/uploads\/2026\/04\/ToMess-20250125_4716-1024x683.jpg 1024w, https:\/\/rheinklangwesseling.de\/wp-content\/uploads\/2026\/04\/ToMess-20250125_4716-768x512.jpg 768w, https:\/\/rheinklangwesseling.de\/wp-content\/uploads\/2026\/04\/ToMess-20250125_4716-1536x1024.jpg 1536w, https:\/\/rheinklangwesseling.de\/wp-content\/uploads\/2026\/04\/ToMess-20250125_4716-2048x1365.jpg 2048w\" sizes=\"auto, (max-width: 767px) 89vw, (max-width: 1000px) 54vw, (max-width: 1071px) 543px, 580px\" \/><\/figure>\n\n\n\n<p class=\"has-text-align-left\"><strong>ToMess<\/strong> ist eine echte Institution der Wesselinger Live-Musikszene. Seit Jahrzehnten steht die Band mit f\u00fcnf leidenschaftlichen Vollblutmusikern auf der B\u00fchne.<br>Auf der Setlist finden sich ausgew\u00e4hlte Cover von Gr\u00f6\u00dfen wie Sting, David Bowie, Paul Simon, Gary Moore, Lionel Richie, Pink Floyd und vielen weiteren \u2013 authentisch interpretiert und mit eigener Handschrift pr\u00e4sentiert.<br>ToMess verspricht einen Konzertabend voller Energie und Emotionen: Musik, die mitrei\u00dft, ber\u00fchrt und einfach richtig gute Laune macht.<\/p>\n\n\n\n<p>Besetzung<br>Thomas Mager &#8211; Gesang und Rhythmusgitarre<br>Jens Gerken &#8211; Sologitarre und Gesang<br>Ulrich Thiemann &#8211; Keyboard und Gesang<br>J\u00fcrgen Kracht &#8211; Bass<br>Luis Kracht &#8211; Schlagzeug<\/p>\n\n\n\n<p class=\"has-text-align-left\">Weitere Informationen:<br><a href=\"https:\/\/www.facebook.com\/tomess.de\/\">https:\/\/www.facebook.com\/tomess.de\/<\/a><\/p>\n\n\n\n<p class=\"has-text-align-center has-medium-font-size\"><strong>Yeah! &#8211; 20:15 Uhr<\/strong><\/p>\n\n\n\n<figure class=\"wp-block-image size-full is-resized\"><img loading=\"lazy\" decoding=\"async\" width=\"1536\" height=\"1024\" src=\"https:\/\/rheinklangwesseling.de\/wp-content\/uploads\/2026\/04\/Yeah.jpg\" alt=\"\" class=\"wp-image-2756\" style=\"width:674px;height:auto\" srcset=\"https:\/\/rheinklangwesseling.de\/wp-content\/uploads\/2026\/04\/Yeah.jpg 1536w, https:\/\/rheinklangwesseling.de\/wp-content\/uploads\/2026\/04\/Yeah-300x200.jpg 300w, https:\/\/rheinklangwesseling.de\/wp-content\/uploads\/2026\/04\/Yeah-1024x683.jpg 1024w, https:\/\/rheinklangwesseling.de\/wp-content\/uploads\/2026\/04\/Yeah-768x512.jpg 768w\" sizes=\"auto, (max-width: 767px) 89vw, (max-width: 1000px) 54vw, (max-width: 1071px) 543px, 580px\" \/><\/figure>\n\n\n\n<p><strong>Yeah!<\/strong> Die siebenk\u00f6pfige Coverband aus der Region hat sich einem klaren Ziel verschrieben: Die gr\u00f6\u00dften Hits der 1970er bis 1990er nicht einfach nur zu covern, sondern sie mit eigener Energie und authentischer Spielfreude neu aufleben zu lassen. We say &#8222;Oooh&#8220; you say YEAH! \u2013 wenn die Band die B\u00fchne betritt, bleibt garantiert niemand lange auf den St\u00fchlen sitzen. Zuerst wippt der Fu\u00df, dann rei\u00dft es einen von den St\u00fchlen.<br>Drei der Musiker \u2013 Achim, Dominique und Marcus \u2013 sind den Besuchern der Rheinklang 660 Musikfestival bereits von fr\u00fcheren Auftritten mit Just4fun bestens bekannt, Marcus auch von &#8222;Marcus ist schuld&#8220;. Mit Yeah! kehren sie nun in neuer Formation zur\u00fcck und bringen frischen Wind &#8211; wieder ins Sonnenberg Wesseling, wo sie bereits beim 10. Geburtstag des Lokals f\u00fcr ausgelassene Partystimmung sorgten.<\/p>\n\n\n\n<p>Das Repertoire ist bewusst als reines Party-Programm konzipiert: Nur Knaller, keine F\u00fcller. Von T. Rex \u00fcber Dire Straits und Queen bis Bruce Springsteen, von Kenny Loggins und Simple Minds bis zu modernen Hits wie Sarah Connors &#8222;Vincent&#8220; \u2013 die Band bedient sich bei den absoluten Klassikern, die ganze Generationen gepr\u00e4gt haben. Ein besonderes Highlight sind die vier eigenst\u00e4ndigen Stimmen, die besonders in den Refrains zusammenkommen und f\u00fcr echte G\u00e4nsehautmomente sorgen. Dazu kommen regionale Kl\u00e4nge: Mit Kl\u00fcngelk\u00f6pps &#8222;St\u00e4\u00e4ne&#8220; und Milj\u00f6s &#8222;Wolkeplatz&#8220; schl\u00e4gt Yeah! die Br\u00fccke zur rheinischen Heimat.<\/p>\n\n\n\n<p>Besetzung:<br>Achim Steinert \u2013 Bass und Gesang<br>Dominique Schieren \u2013 Gesang<br>Marcus Fornfeist \u2013 Gitarre und Gesang<br>Markus Steinert \u2013 Keyboard<br>Michael Kregel \u2013 Schlagzeug<br>Stefan Linden \u2013 Gitarre<br>Stephan Ehrenberg \u2013 Gesang<\/p>\n\n\n\n<p class=\"has-text-align-center has-medium-font-size\"><strong>Kleesattels Esszimmer &#8211; 19 Uhr<\/strong><\/p>\n\n\n\n<p class=\"has-text-align-center has-small-font-size\">K\u00f6lner Str. 46<\/p>\n\n\n\n<p>Zum ersten Mal ist Kleesattels Esszimmer dabei: Ab 19 Uhr gastieren dort die <strong>Amici di Musica<\/strong>.<\/p>\n\n\n\n<p class=\"has-text-align-center has-medium-font-size\"><strong>Amici di Musica &#8211; 19 Uhr<\/strong><\/p>\n\n\n\n<figure class=\"wp-block-image size-full is-resized\"><img loading=\"lazy\" decoding=\"async\" width=\"2560\" height=\"1970\" src=\"https:\/\/rheinklangwesseling.de\/wp-content\/uploads\/2026\/04\/Amici-di-Musica-scaled.jpg\" alt=\"\" class=\"wp-image-2757\" style=\"width:674px\" srcset=\"https:\/\/rheinklangwesseling.de\/wp-content\/uploads\/2026\/04\/Amici-di-Musica-scaled.jpg 2560w, https:\/\/rheinklangwesseling.de\/wp-content\/uploads\/2026\/04\/Amici-di-Musica-300x231.jpg 300w, https:\/\/rheinklangwesseling.de\/wp-content\/uploads\/2026\/04\/Amici-di-Musica-1024x788.jpg 1024w, https:\/\/rheinklangwesseling.de\/wp-content\/uploads\/2026\/04\/Amici-di-Musica-768x591.jpg 768w, https:\/\/rheinklangwesseling.de\/wp-content\/uploads\/2026\/04\/Amici-di-Musica-1536x1182.jpg 1536w, https:\/\/rheinklangwesseling.de\/wp-content\/uploads\/2026\/04\/Amici-di-Musica-2048x1576.jpg 2048w\" sizes=\"auto, (max-width: 767px) 89vw, (max-width: 1000px) 54vw, (max-width: 1071px) 543px, 580px\" \/><\/figure>\n\n\n\n<p class=\"has-text-align-left\">Das herausragende Ensemble, bestehend aus Armando, Gesang und Drums, Andrea am Klavier und Pablo am Kontrabass, nimmt die G\u00e4ste mit auf eine bezaubernde Reise durch die italienische Musiklandschaft mit. Ihr sorgf\u00e4ltig zusammengestelltes Programm vereint eine Auswahl an sowohl bekannten als auch weniger bekannten italienischen Liedern, die von einigen der renommiertesten Musiker Italiens wie Eros Ramazzotti, Paolo Conte und Pino Daniele stammen.<\/p>\n\n\n\n<p class=\"has-text-align-left\">Armando, Andrea und Pablo haben sich nicht nur durch ihre F\u00e4higkeit, italienische Musik zu interpretieren, einen Namen gemacht, sondern auch durch ihren einzigartigen Stil. Sie schaffen eine tolle Atmosph\u00e4re mit einem breiten Spektrum an Emotionen, die das Publikum von den ersten T\u00f6nen an fesselt.<\/p>\n\n\n\n<p>Weitere Informationen:<br><a href=\"https:\/\/www.facebook.com\/people\/Amici-di-Musica\/100077474448754\/\">https:\/\/www.facebook.com\/people\/Amici-di-Musica\/100077474448754\/<\/a><br><a href=\"https:\/\/www.facebook.com\/profile.php?id=61575232401467\">https:\/\/www.facebook.com\/profile.php?id=61575232401467<\/a><\/p>\n\n\n\n<p class=\"has-text-align-center has-medium-font-size\"><strong>Restaurant Bombay &#8211; 19 Uhr<\/strong><\/p>\n\n\n\n<p class=\"has-text-align-center has-small-font-size\">Bonner Str. 20<\/p>\n\n\n\n<p>Zum ersten Mal ist das Restaurant Bombay &#8211; Indian Restaurant &#8211; in der Bonner Stra\u00dfe 20 dabei: Ab 19 Uhr gastiert dort das Duo <strong>Zafari<\/strong>.<\/p>\n\n\n\n<p class=\"has-text-align-center has-medium-font-size\"><strong>Zafari &#8211; 19 Uhr<\/strong><\/p>\n\n\n\n<figure class=\"wp-block-image size-full is-resized\"><img loading=\"lazy\" decoding=\"async\" width=\"2560\" height=\"1921\" src=\"https:\/\/rheinklangwesseling.de\/wp-content\/uploads\/2026\/04\/Zafari-scaled.jpg\" alt=\"\" class=\"wp-image-2758\" style=\"width:674px\" srcset=\"https:\/\/rheinklangwesseling.de\/wp-content\/uploads\/2026\/04\/Zafari-scaled.jpg 2560w, https:\/\/rheinklangwesseling.de\/wp-content\/uploads\/2026\/04\/Zafari-300x225.jpg 300w, https:\/\/rheinklangwesseling.de\/wp-content\/uploads\/2026\/04\/Zafari-1024x768.jpg 1024w, https:\/\/rheinklangwesseling.de\/wp-content\/uploads\/2026\/04\/Zafari-768x576.jpg 768w, https:\/\/rheinklangwesseling.de\/wp-content\/uploads\/2026\/04\/Zafari-1536x1153.jpg 1536w, https:\/\/rheinklangwesseling.de\/wp-content\/uploads\/2026\/04\/Zafari-2048x1537.jpg 2048w\" sizes=\"auto, (max-width: 767px) 89vw, (max-width: 1000px) 54vw, (max-width: 1071px) 543px, 580px\" \/><\/figure>\n\n\n\n<p class=\"has-text-align-left\"><strong>Zafari<\/strong> \u2013 das sind S\u00e4ngerin Kati und Gitarrist Stefan aus Euskirchen. Seit Juni 2022 bringt das Duo bekannte Hits der 90er bis heute in neuen, akustischen Arrangements auf die B\u00fchne \u2013 mit Leidenschaft, Spielfreude und einer ordentlichen Portion Dynamik. Eine charismatische Stimme mit G\u00e4nsehautgarantie und ein gef\u00fchlvolles Gitarrenspiel verleihen jedem Song den unverkennbaren Zafari-Sound. Das Ergebnis: ein abwechslungsreiches Programm voller Energie, Ausdruck und Wiedererkennungswert.<\/p>\n\n\n\n<p class=\"has-text-align-left\">Ob Dance- und Pop Hits von Ace of Base, Snap, Backstreet Boys und Britney Spears, oder Rockperlen von Alanis Morissette, Journey und den Cranberries \u2013 bei Zafari bekommt jeder Song ein neues, akustisches Kleid. Auch zeitlose Evergreens wie \u201eI&#8217;m on Fire&#8220; oder \u201eIn the Air Tonight&#8220; erstrahlen in frischer Interpretation. Nat\u00fcrlich d\u00fcrfen auch deutschsprachige Highlights nicht fehlen: Songs von Matthias Reim, Klaus Lage, Nena und Die \u00c4rzte bringen das gewisse Heimatgef\u00fchl und sorgen f\u00fcr musikalische Abwechslung mit Charakter. Ein paar Schlagerklassiker und \u00fcberraschende Genreausfl\u00fcge runden den Abend ab: ehrlich, direkt, handgemacht und mitrei\u00dfend!<br>ONE Voice! ONE Guitar! JUST Music!<\/p>\n\n\n\n<p class=\"has-text-align-left\">Weitere Informationen:<br><a href=\"https:\/\/www.facebook.com\/zafariakustikduo\">https:\/\/www.facebook.com\/zafariakustikduo<\/a><br><a href=\"https:\/\/www.instagram.com\/zafariakustik\">https:\/\/www.instagram.com\/zafariakustik<\/a><\/p>\n\n\n\n<p class=\"has-text-align-left\"><\/p>\n\n\n\n<p class=\"has-text-align-center has-medium-font-size\"><strong>C&#8217;est la Vie &#8211; 20 Uhr<\/strong><\/p>\n\n\n\n<p class=\"has-text-align-center has-small-font-size\">Bahnhofstra\u00dfe 23<\/p>\n\n\n\n<p class=\"has-text-align-left\">Im C&#8217;est la Vie spielt die Band <strong>Rail Station <\/strong>und nimmt ihr Publikum mit auf eine musikalische Reise &#8211; mit jeder Menge Geschichten im Gep\u00e4ck.<\/p>\n\n\n\n<p class=\"has-text-align-center has-medium-font-size\"><strong>Rail Station &#8211; 20 Uhr<\/strong><\/p>\n\n\n\n<figure class=\"wp-block-image size-full is-resized\"><img loading=\"lazy\" decoding=\"async\" width=\"2100\" height=\"1575\" src=\"https:\/\/rheinklangwesseling.de\/wp-content\/uploads\/2026\/04\/Rail-Station.jpg\" alt=\"\" class=\"wp-image-2802\" style=\"width:674px\" srcset=\"https:\/\/rheinklangwesseling.de\/wp-content\/uploads\/2026\/04\/Rail-Station.jpg 2100w, https:\/\/rheinklangwesseling.de\/wp-content\/uploads\/2026\/04\/Rail-Station-300x225.jpg 300w, https:\/\/rheinklangwesseling.de\/wp-content\/uploads\/2026\/04\/Rail-Station-1024x768.jpg 1024w, https:\/\/rheinklangwesseling.de\/wp-content\/uploads\/2026\/04\/Rail-Station-768x576.jpg 768w, https:\/\/rheinklangwesseling.de\/wp-content\/uploads\/2026\/04\/Rail-Station-1536x1152.jpg 1536w, https:\/\/rheinklangwesseling.de\/wp-content\/uploads\/2026\/04\/Rail-Station-2048x1536.jpg 2048w\" sizes=\"auto, (max-width: 767px) 89vw, (max-width: 1000px) 54vw, (max-width: 1071px) 543px, 580px\" \/><\/figure>\n\n\n\n<p class=\"has-text-align-left\">Willkommen auf den Gleisen irgendwo zwischen Blues, Rock, Country, einem Hauch Americana und einer guten Portion Staub auf den Stiefeln. <strong>Rail Station<\/strong> sind f\u00fcnf Musiker, die nicht nur zusammen spielen, sondern auch gute Freunde sind. Die Band erschafft ihren ganz eigenen Klang mit viel Spielfreude &#8211; mal rau, mal gef\u00fchlvoll, mal augenzwinkernd, mal intensiv, aber immer authentisch.<\/p>\n\n\n\n<p>Zwischen Texas-Shuffle und Train-Beat treibt die Band den G\u00fcterzug voran, der auch gerne mit gef\u00fchlvollen Balladen am n\u00e4chsten Bahnhof ankommt.<br>Die Band kombiniert eigene Songs mit sorgf\u00e4ltig ausgew\u00e4hlten selten gespielten Klassikern, die man nicht an jeder Ecke h\u00f6rt, und schafft so ein abwechslungsreiches und authentisches Live-Erlebnis.<\/p>\n\n\n\n<p>Die Besetzung:<br>Tom Hantel (Keys &amp; Vocals)<br>Franz-Josef Tippmann (Vocals &amp; Guitars)<br>Martin Hoenisch (Bass &amp; Vocals)<br>J\u00fcrgen L\u00fctz (Drums)<br>Dirk Scheuren (Guitars)<\/p>\n\n\n\n<p class=\"has-text-align-left\">Weitere Informationen:<br><a href=\"https:\/\/www.youtube.com\/@RailStationblues\">www.youtube.com\/@RailStationblues<\/a><\/p>\n\n\n\n<p><\/p>\n","protected":false},"excerpt":{"rendered":"<p>20. Juni 2026 Im Rahmen des 14. Wesselinger Musikfestivals RheinKlang 669 am 19.\/20. Juni 2026 gibt es am Samstag wieder ein B\u00fchnenprogramm ab 15 Uhr an der Rheintreppe und au\u00dferdem &hellip; <\/p>\n<p class=\"link-more\"><a href=\"https:\/\/rheinklangwesseling.de\/?page_id=2723\" class=\"more-link\"><span class=\"screen-reader-text\">\u201eFestivaltag 2026\u201c <\/span>weiterlesen<\/a><\/p>\n","protected":false},"author":1,"featured_media":0,"parent":0,"menu_order":0,"comment_status":"closed","ping_status":"closed","template":"","meta":{"ngg_post_thumbnail":0,"footnotes":""},"class_list":["post-2723","page","type-page","status-publish","hentry"],"_links":{"self":[{"href":"https:\/\/rheinklangwesseling.de\/index.php?rest_route=\/wp\/v2\/pages\/2723","targetHints":{"allow":["GET"]}}],"collection":[{"href":"https:\/\/rheinklangwesseling.de\/index.php?rest_route=\/wp\/v2\/pages"}],"about":[{"href":"https:\/\/rheinklangwesseling.de\/index.php?rest_route=\/wp\/v2\/types\/page"}],"author":[{"embeddable":true,"href":"https:\/\/rheinklangwesseling.de\/index.php?rest_route=\/wp\/v2\/users\/1"}],"replies":[{"embeddable":true,"href":"https:\/\/rheinklangwesseling.de\/index.php?rest_route=%2Fwp%2Fv2%2Fcomments&post=2723"}],"version-history":[{"count":56,"href":"https:\/\/rheinklangwesseling.de\/index.php?rest_route=\/wp\/v2\/pages\/2723\/revisions"}],"predecessor-version":[{"id":2811,"href":"https:\/\/rheinklangwesseling.de\/index.php?rest_route=\/wp\/v2\/pages\/2723\/revisions\/2811"}],"wp:attachment":[{"href":"https:\/\/rheinklangwesseling.de\/index.php?rest_route=%2Fwp%2Fv2%2Fmedia&parent=2723"}],"curies":[{"name":"wp","href":"https:\/\/api.w.org\/{rel}","templated":true}]}}