{"id":2725,"date":"2026-04-29T16:34:55","date_gmt":"2026-04-29T15:34:55","guid":{"rendered":"https:\/\/rheinklangwesseling.de\/?page_id=2725"},"modified":"2026-04-29T18:38:36","modified_gmt":"2026-04-29T17:38:36","slug":"kinderprogramm-2026","status":"publish","type":"page","link":"https:\/\/rheinklangwesseling.de\/?page_id=2725","title":{"rendered":"Kinderprogramm 2026"},"content":{"rendered":"\n<p class=\"has-text-align-center\">ab 15 Uhr auf Ruttmanns Wiese (n\u00e4he K\u00f6lner Stra\u00dfe 4)<\/p>\n\n\n\n<figure class=\"wp-block-image size-large\"><img loading=\"lazy\" decoding=\"async\" width=\"1024\" height=\"480\" src=\"https:\/\/rheinklangwesseling.de\/wp-content\/uploads\/2026\/04\/0-Kinderprogramm-Collage-1024x480.jpg\" alt=\"\" class=\"wp-image-2726\" srcset=\"https:\/\/rheinklangwesseling.de\/wp-content\/uploads\/2026\/04\/0-Kinderprogramm-Collage-1024x480.jpg 1024w, https:\/\/rheinklangwesseling.de\/wp-content\/uploads\/2026\/04\/0-Kinderprogramm-Collage-300x141.jpg 300w, https:\/\/rheinklangwesseling.de\/wp-content\/uploads\/2026\/04\/0-Kinderprogramm-Collage-768x360.jpg 768w, https:\/\/rheinklangwesseling.de\/wp-content\/uploads\/2026\/04\/0-Kinderprogramm-Collage-1536x720.jpg 1536w, https:\/\/rheinklangwesseling.de\/wp-content\/uploads\/2026\/04\/0-Kinderprogramm-Collage-2048x961.jpg 2048w\" sizes=\"auto, (max-width: 767px) 89vw, (max-width: 1000px) 54vw, (max-width: 1071px) 543px, 580px\" \/><\/figure>\n\n\n\n<p>Fotos: Anita Brandtst\u00e4ter<\/p>\n\n\n\n<p>Auf Ruttmanns Wiese oberhalb der Rheintreppe, wo das B\u00fchnenprogramm l\u00e4uft, bieten wir am Samstagnachmittag wieder ab 15 Uhr ein Kinderprogramm an.<\/p>\n\n\n\n<p>Es gibt in Kooperation mit Play on Demand, ein Angebot des Sport- &amp; Gesundheitszentrums Wesseling, H\u00fcpfburgen f\u00fcr Kleinere und Gr\u00f6\u00dfere.<\/p>\n\n\n\n<p>Au\u00dferdem k\u00f6nnen sich unsere kleinen Besucherinnen und Besucher schminken lassen.<\/p>\n\n\n\n<p>Diese Veranstaltung kann nur stattfinden, wenn es das Wetter zul\u00e4sst.<\/p>\n","protected":false},"excerpt":{"rendered":"<p>ab 15 Uhr auf Ruttmanns Wiese (n\u00e4he K\u00f6lner Stra\u00dfe 4) Fotos: Anita Brandtst\u00e4ter Auf Ruttmanns Wiese oberhalb der Rheintreppe, wo das B\u00fchnenprogramm l\u00e4uft, bieten wir am Samstagnachmittag wieder ab 15 &hellip; <\/p>\n<p class=\"link-more\"><a href=\"https:\/\/rheinklangwesseling.de\/?page_id=2725\" class=\"more-link\"><span class=\"screen-reader-text\">\u201eKinderprogramm 2026\u201c <\/span>weiterlesen<\/a><\/p>\n","protected":false},"author":1,"featured_media":0,"parent":0,"menu_order":0,"comment_status":"closed","ping_status":"closed","template":"","meta":{"ngg_post_thumbnail":0,"footnotes":""},"class_list":["post-2725","page","type-page","status-publish","hentry"],"_links":{"self":[{"href":"https:\/\/rheinklangwesseling.de\/index.php?rest_route=\/wp\/v2\/pages\/2725","targetHints":{"allow":["GET"]}}],"collection":[{"href":"https:\/\/rheinklangwesseling.de\/index.php?rest_route=\/wp\/v2\/pages"}],"about":[{"href":"https:\/\/rheinklangwesseling.de\/index.php?rest_route=\/wp\/v2\/types\/page"}],"author":[{"embeddable":true,"href":"https:\/\/rheinklangwesseling.de\/index.php?rest_route=\/wp\/v2\/users\/1"}],"replies":[{"embeddable":true,"href":"https:\/\/rheinklangwesseling.de\/index.php?rest_route=%2Fwp%2Fv2%2Fcomments&post=2725"}],"version-history":[{"count":3,"href":"https:\/\/rheinklangwesseling.de\/index.php?rest_route=\/wp\/v2\/pages\/2725\/revisions"}],"predecessor-version":[{"id":2774,"href":"https:\/\/rheinklangwesseling.de\/index.php?rest_route=\/wp\/v2\/pages\/2725\/revisions\/2774"}],"wp:attachment":[{"href":"https:\/\/rheinklangwesseling.de\/index.php?rest_route=%2Fwp%2Fv2%2Fmedia&parent=2725"}],"curies":[{"name":"wp","href":"https:\/\/api.w.org\/{rel}","templated":true}]}}